{"id":8151,"date":"2021-11-07T10:45:01","date_gmt":"2021-11-07T09:45:01","guid":{"rendered":"https:\/\/marine.fleygnac.fr\/?page_id=8151"},"modified":"2024-08-06T12:32:53","modified_gmt":"2024-08-06T10:32:53","slug":"mariages","status":"publish","type":"page","link":"https:\/\/marine.fleygnac.fr\/index.php\/photographe-a-tours\/mariages\/","title":{"rendered":"Galerie mariages"},"content":{"rendered":"\n<hr class=\"wp-block-separator has-alpha-channel-opacity\"\/>\n\n\n\n<hr class=\"wp-block-separator has-alpha-channel-opacity\"\/>\n\n\n\n<div style=\"height:138px\" aria-hidden=\"true\" class=\"wp-block-spacer\"><\/div>\n\n\n\n<h2 class=\"wp-block-heading has-text-align-center\">Photographe de mariage \u00e0 Tours et partout ailleurs<\/h2>\n\n\n\n<p><\/p>\n\n\n\n<p class=\"has-text-align-center\">Photographe de mariage \u00e0 Tours et partout en France, j&rsquo;ai eu la joie d&rsquo;accompagner plus d&rsquo;une centaine de couples lors de cette belle journ\u00e9e pleine d&rsquo;\u00e9motions. Depuis plus de 10 ans en Indre et Loire, je photographie le plus beau jour de votre vie.<\/p>\n\n\n\n<p class=\"has-text-align-center\">Voici mon porfolio de photos de mariages. Les styles sont vari\u00e9s car je me fais une priorit\u00e9 de m&rsquo;adapter aux souhaits de chaque couple et \u00e0 leur personnalit\u00e9 ! <\/p>\n\n\n\n<p class=\"has-text-align-center\">Donc pour toutes les envies et toutes les bourses, j&rsquo;essaye de vous proposer le forfait le plus adapt\u00e9 \u00e0 vos d\u00e9sirs. Je peux \u00eatre pr\u00e9sente des pr\u00e9paratifs jusqu&rsquo;\u00e0 l&rsquo;ouverture du bal. <\/p>\n\n\n\n<p class=\"has-text-align-center\">A vous de choisir ! Chaque \u00e9tape du mariage est tr\u00e8s diff\u00e9rente et \u00e0 son importance. De la douceur et l&rsquo;intimit\u00e9 des pr\u00e9paratifs et l&rsquo;explosion de joie de la fin de c\u00e9r\u00e9monie, \u00e0 l&rsquo;\u00e9l\u00e9gance de l&rsquo;ouverture du bal. Tous ces moments ont leur personnalit\u00e9 \u00e0 part enti\u00e8re.  En bref, mon exp\u00e9rience me permet de ne rater aucun d\u00e9tail et de tous les sublimer.<\/p>\n\n\n\n<p class=\"has-text-align-center\">Il est tr\u00e8s important pour moi de vous conna\u00eetre afin de r\u00e9aliser au mieux les images qui vous correspondront le plus. C&rsquo;est pourquoi nous nous rencontrerons autant de fois qu&rsquo;il le faudra avant le mariage. Je saurai vous conseiller et vous apporter les clefs n\u00e9cessaires pour vous organiser \u00e0 l&rsquo;avance. <\/p>\n\n\n\n<p class=\"has-text-align-center\">Donc, pour optimiser chaque instant, pour ne plus y penser le jour J et profiter de votre belle journ\u00e9e. <\/p>\n\n\n\n<p class=\"has-text-align-center\">J&rsquo;adore me d\u00e9placer. Ainsi, je suis disponible partout. Vous vivez en Indre et Loire mais vous souhaitez vous marier \u00e0 la montagne ou \u00e0 la mer, je vous suivrais avec joie ! <\/p>\n\n\n\n<p class=\"has-text-align-center\">Enfin, gr\u00e2ce \u00e0 mon formulaire de contact vous pouvez m&rsquo;envoyer une demande de r\u00e9servation en pr\u00e9cisant la date et le lieu de votre mariage. La reservation peut se faire un an \u00e0 l&rsquo;avance. A tr\u00e8s vite !<\/p>\n\n\n\n<hr class=\"wp-block-separator has-alpha-channel-opacity\"\/>\n\n\n\n<h4 class=\"wp-block-heading has-text-align-center\">Mes tarifs : <\/h4>\n\n\n\n<p class=\"has-text-align-center\"><a href=\"https:\/\/marine.fleygnac.fr\/index.php\/tarifs\/\" target=\"_blank\" rel=\"noreferrer noopener\">https:\/\/marine.fleygnac.fr\/index.php\/tarifs\/<\/a><\/p>\n\n\n\n<hr class=\"wp-block-separator has-alpha-channel-opacity\"\/>\n\n\n\n<h4 class=\"wp-block-heading has-text-align-center\">Pour me suivre sur mes r\u00e9seaux : <\/h4>\n\n\n\n<p class=\"has-text-align-center\"><a href=\"https:\/\/www.instagram.com\/marinefleygnac\/?hl=fr\" target=\"_blank\" rel=\"noreferrer noopener\">https:\/\/www.instagram.com\/marinefleygnac\/?hl=fr<\/a><\/p>\n\n\n\n<p class=\"has-text-align-center\"><a href=\"https:\/\/www.facebook.com\/marinefleygnacphotographe\" target=\"_blank\" rel=\"noreferrer noopener\">https:\/\/www.facebook.com\/marinefleygnacphotographe<\/a><\/p>\n\n\n\n<hr class=\"wp-block-separator has-alpha-channel-opacity\"\/>\n\n\n\n<h3 class=\"wp-block-heading has-text-align-center\">Mes photographies de mariage <\/h3>\n\n\n\n<p><\/p>\n\n\n\n<p><\/p>\n\n\n\n<figure class=\"wp-block-gallery has-nested-images columns-4 has-white-background-color has-background wp-block-gallery-1 is-layout-flex wp-block-gallery-is-layout-flex\">\n<figure class=\"wp-block-image size-large\"><img loading=\"lazy\" decoding=\"async\" width=\"683\" height=\"1024\" data-id=\"7132\" src=\"https:\/\/marine.fleygnac.fr\/wp-content\/uploads\/2020\/11\/DSC_8697-683x1024.jpg\" alt=\"\" class=\"wp-image-7132\" srcset=\"https:\/\/marine.fleygnac.fr\/wp-content\/uploads\/2020\/11\/DSC_8697-683x1024.jpg 683w, https:\/\/marine.fleygnac.fr\/wp-content\/uploads\/2020\/11\/DSC_8697-200x300.jpg 200w, https:\/\/marine.fleygnac.fr\/wp-content\/uploads\/2020\/11\/DSC_8697-768x1151.jpg 768w, https:\/\/marine.fleygnac.fr\/wp-content\/uploads\/2020\/11\/DSC_8697-1025x1536.jpg 1025w, https:\/\/marine.fleygnac.fr\/wp-content\/uploads\/2020\/11\/DSC_8697-1367x2048.jpg 1367w, https:\/\/marine.fleygnac.fr\/wp-content\/uploads\/2020\/11\/DSC_8697-500x749.jpg 500w, https:\/\/marine.fleygnac.fr\/wp-content\/uploads\/2020\/11\/DSC_8697-scaled.jpg 1709w\" sizes=\"auto, (max-width: 683px) 100vw, 683px\" \/><\/figure>\n\n\n\n<figure class=\"wp-block-image size-large\"><img loading=\"lazy\" decoding=\"async\" width=\"683\" height=\"1024\" data-id=\"8437\" src=\"https:\/\/marine.fleygnac.fr\/wp-content\/uploads\/2023\/11\/DSC_2560-2-683x1024.jpg\" alt=\"\" class=\"wp-image-8437\" srcset=\"https:\/\/marine.fleygnac.fr\/wp-content\/uploads\/2023\/11\/DSC_2560-2-683x1024.jpg 683w, https:\/\/marine.fleygnac.fr\/wp-content\/uploads\/2023\/11\/DSC_2560-2-200x300.jpg 200w, https:\/\/marine.fleygnac.fr\/wp-content\/uploads\/2023\/11\/DSC_2560-2-768x1151.jpg 768w, https:\/\/marine.fleygnac.fr\/wp-content\/uploads\/2023\/11\/DSC_2560-2-1025x1536.jpg 1025w, https:\/\/marine.fleygnac.fr\/wp-content\/uploads\/2023\/11\/DSC_2560-2-1367x2048.jpg 1367w, https:\/\/marine.fleygnac.fr\/wp-content\/uploads\/2023\/11\/DSC_2560-2-500x749.jpg 500w, https:\/\/marine.fleygnac.fr\/wp-content\/uploads\/2023\/11\/DSC_2560-2-scaled.jpg 1708w\" sizes=\"auto, (max-width: 683px) 100vw, 683px\" \/><\/figure>\n\n\n\n<figure class=\"wp-block-image size-large\"><img loading=\"lazy\" decoding=\"async\" width=\"683\" height=\"1024\" data-id=\"8240\" src=\"https:\/\/marine.fleygnac.fr\/wp-content\/uploads\/2022\/10\/DSC_9508-683x1024.jpg\" alt=\"\" class=\"wp-image-8240\" srcset=\"https:\/\/marine.fleygnac.fr\/wp-content\/uploads\/2022\/10\/DSC_9508-683x1024.jpg 683w, https:\/\/marine.fleygnac.fr\/wp-content\/uploads\/2022\/10\/DSC_9508-200x300.jpg 200w, https:\/\/marine.fleygnac.fr\/wp-content\/uploads\/2022\/10\/DSC_9508-768x1151.jpg 768w, https:\/\/marine.fleygnac.fr\/wp-content\/uploads\/2022\/10\/DSC_9508-1025x1536.jpg 1025w, https:\/\/marine.fleygnac.fr\/wp-content\/uploads\/2022\/10\/DSC_9508-1367x2048.jpg 1367w, https:\/\/marine.fleygnac.fr\/wp-content\/uploads\/2022\/10\/DSC_9508-500x749.jpg 500w, https:\/\/marine.fleygnac.fr\/wp-content\/uploads\/2022\/10\/DSC_9508-scaled.jpg 1709w\" sizes=\"auto, (max-width: 683px) 100vw, 683px\" \/><\/figure>\n\n\n\n<figure class=\"wp-block-image size-large\"><img loading=\"lazy\" decoding=\"async\" width=\"683\" height=\"1024\" data-id=\"8407\" src=\"https:\/\/marine.fleygnac.fr\/wp-content\/uploads\/2023\/11\/DSC_8033-683x1024.jpg\" alt=\"\" class=\"wp-image-8407\" srcset=\"https:\/\/marine.fleygnac.fr\/wp-content\/uploads\/2023\/11\/DSC_8033-683x1024.jpg 683w, https:\/\/marine.fleygnac.fr\/wp-content\/uploads\/2023\/11\/DSC_8033-200x300.jpg 200w, https:\/\/marine.fleygnac.fr\/wp-content\/uploads\/2023\/11\/DSC_8033-768x1151.jpg 768w, https:\/\/marine.fleygnac.fr\/wp-content\/uploads\/2023\/11\/DSC_8033-1025x1536.jpg 1025w, https:\/\/marine.fleygnac.fr\/wp-content\/uploads\/2023\/11\/DSC_8033-1367x2048.jpg 1367w, https:\/\/marine.fleygnac.fr\/wp-content\/uploads\/2023\/11\/DSC_8033-500x749.jpg 500w, https:\/\/marine.fleygnac.fr\/wp-content\/uploads\/2023\/11\/DSC_8033-scaled.jpg 1709w\" sizes=\"auto, (max-width: 683px) 100vw, 683px\" \/><\/figure>\n\n\n\n<figure class=\"wp-block-image size-large\"><img loading=\"lazy\" decoding=\"async\" width=\"1024\" height=\"683\" data-id=\"8427\" src=\"https:\/\/marine.fleygnac.fr\/wp-content\/uploads\/2023\/11\/DSC_2468-1-1024x683.jpg\" alt=\"\" class=\"wp-image-8427\" srcset=\"https:\/\/marine.fleygnac.fr\/wp-content\/uploads\/2023\/11\/DSC_2468-1-1024x683.jpg 1024w, https:\/\/marine.fleygnac.fr\/wp-content\/uploads\/2023\/11\/DSC_2468-1-300x200.jpg 300w, https:\/\/marine.fleygnac.fr\/wp-content\/uploads\/2023\/11\/DSC_2468-1-768x513.jpg 768w, https:\/\/marine.fleygnac.fr\/wp-content\/uploads\/2023\/11\/DSC_2468-1-1536x1025.jpg 1536w, https:\/\/marine.fleygnac.fr\/wp-content\/uploads\/2023\/11\/DSC_2468-1-2048x1367.jpg 2048w, https:\/\/marine.fleygnac.fr\/wp-content\/uploads\/2023\/11\/DSC_2468-1-600x400.jpg 600w, https:\/\/marine.fleygnac.fr\/wp-content\/uploads\/2023\/11\/DSC_2468-1-500x334.jpg 500w\" sizes=\"auto, (max-width: 1024px) 100vw, 1024px\" \/><\/figure>\n\n\n\n<figure class=\"wp-block-image size-large\"><img loading=\"lazy\" decoding=\"async\" width=\"1024\" height=\"683\" data-id=\"8172\" src=\"https:\/\/marine.fleygnac.fr\/wp-content\/uploads\/2021\/11\/DSC_4200-1024x683.jpg\" alt=\"\" class=\"wp-image-8172\" srcset=\"https:\/\/marine.fleygnac.fr\/wp-content\/uploads\/2021\/11\/DSC_4200-1024x683.jpg 1024w, https:\/\/marine.fleygnac.fr\/wp-content\/uploads\/2021\/11\/DSC_4200-300x200.jpg 300w, https:\/\/marine.fleygnac.fr\/wp-content\/uploads\/2021\/11\/DSC_4200-768x513.jpg 768w, https:\/\/marine.fleygnac.fr\/wp-content\/uploads\/2021\/11\/DSC_4200-1536x1025.jpg 1536w, https:\/\/marine.fleygnac.fr\/wp-content\/uploads\/2021\/11\/DSC_4200-2048x1367.jpg 2048w, https:\/\/marine.fleygnac.fr\/wp-content\/uploads\/2021\/11\/DSC_4200-600x400.jpg 600w, https:\/\/marine.fleygnac.fr\/wp-content\/uploads\/2021\/11\/DSC_4200-500x334.jpg 500w\" sizes=\"auto, (max-width: 1024px) 100vw, 1024px\" \/><\/figure>\n\n\n\n<figure class=\"wp-block-image size-large\"><img loading=\"lazy\" decoding=\"async\" width=\"1024\" height=\"683\" data-id=\"8241\" src=\"https:\/\/marine.fleygnac.fr\/wp-content\/uploads\/2022\/10\/DSC_7600-1024x683.jpg\" alt=\"\" class=\"wp-image-8241\" srcset=\"https:\/\/marine.fleygnac.fr\/wp-content\/uploads\/2022\/10\/DSC_7600-1024x683.jpg 1024w, https:\/\/marine.fleygnac.fr\/wp-content\/uploads\/2022\/10\/DSC_7600-300x200.jpg 300w, https:\/\/marine.fleygnac.fr\/wp-content\/uploads\/2022\/10\/DSC_7600-768x513.jpg 768w, https:\/\/marine.fleygnac.fr\/wp-content\/uploads\/2022\/10\/DSC_7600-1536x1025.jpg 1536w, https:\/\/marine.fleygnac.fr\/wp-content\/uploads\/2022\/10\/DSC_7600-2048x1367.jpg 2048w, https:\/\/marine.fleygnac.fr\/wp-content\/uploads\/2022\/10\/DSC_7600-600x400.jpg 600w, https:\/\/marine.fleygnac.fr\/wp-content\/uploads\/2022\/10\/DSC_7600-500x334.jpg 500w\" sizes=\"auto, (max-width: 1024px) 100vw, 1024px\" \/><\/figure>\n\n\n\n<figure class=\"wp-block-image size-large\"><img loading=\"lazy\" decoding=\"async\" width=\"1024\" height=\"683\" data-id=\"7137\" src=\"https:\/\/marine.fleygnac.fr\/wp-content\/uploads\/2020\/11\/DSC_9412-1024x683.jpg\" alt=\"\" class=\"wp-image-7137\" srcset=\"https:\/\/marine.fleygnac.fr\/wp-content\/uploads\/2020\/11\/DSC_9412-1024x683.jpg 1024w, https:\/\/marine.fleygnac.fr\/wp-content\/uploads\/2020\/11\/DSC_9412-300x200.jpg 300w, https:\/\/marine.fleygnac.fr\/wp-content\/uploads\/2020\/11\/DSC_9412-768x513.jpg 768w, https:\/\/marine.fleygnac.fr\/wp-content\/uploads\/2020\/11\/DSC_9412-1536x1025.jpg 1536w, https:\/\/marine.fleygnac.fr\/wp-content\/uploads\/2020\/11\/DSC_9412-2048x1367.jpg 2048w, https:\/\/marine.fleygnac.fr\/wp-content\/uploads\/2020\/11\/DSC_9412-600x400.jpg 600w, https:\/\/marine.fleygnac.fr\/wp-content\/uploads\/2020\/11\/DSC_9412-500x334.jpg 500w\" sizes=\"auto, (max-width: 1024px) 100vw, 1024px\" \/><\/figure>\n\n\n\n<figure class=\"wp-block-image size-large\"><img loading=\"lazy\" decoding=\"async\" width=\"683\" height=\"1024\" data-id=\"8178\" src=\"https:\/\/marine.fleygnac.fr\/wp-content\/uploads\/2021\/11\/DSC_5032-683x1024.jpg\" alt=\"\" class=\"wp-image-8178\" srcset=\"https:\/\/marine.fleygnac.fr\/wp-content\/uploads\/2021\/11\/DSC_5032-683x1024.jpg 683w, https:\/\/marine.fleygnac.fr\/wp-content\/uploads\/2021\/11\/DSC_5032-200x300.jpg 200w, https:\/\/marine.fleygnac.fr\/wp-content\/uploads\/2021\/11\/DSC_5032-768x1151.jpg 768w, https:\/\/marine.fleygnac.fr\/wp-content\/uploads\/2021\/11\/DSC_5032-1025x1536.jpg 1025w, https:\/\/marine.fleygnac.fr\/wp-content\/uploads\/2021\/11\/DSC_5032-1367x2048.jpg 1367w, https:\/\/marine.fleygnac.fr\/wp-content\/uploads\/2021\/11\/DSC_5032-500x749.jpg 500w, https:\/\/marine.fleygnac.fr\/wp-content\/uploads\/2021\/11\/DSC_5032-scaled.jpg 1709w\" sizes=\"auto, (max-width: 683px) 100vw, 683px\" \/><\/figure>\n\n\n\n<figure class=\"wp-block-image size-large\"><img loading=\"lazy\" decoding=\"async\" width=\"683\" height=\"1024\" data-id=\"7127\" src=\"https:\/\/marine.fleygnac.fr\/wp-content\/uploads\/2020\/11\/DSC_4429-683x1024.jpg\" alt=\"\" class=\"wp-image-7127\" srcset=\"https:\/\/marine.fleygnac.fr\/wp-content\/uploads\/2020\/11\/DSC_4429-683x1024.jpg 683w, https:\/\/marine.fleygnac.fr\/wp-content\/uploads\/2020\/11\/DSC_4429-200x300.jpg 200w, https:\/\/marine.fleygnac.fr\/wp-content\/uploads\/2020\/11\/DSC_4429-768x1151.jpg 768w, https:\/\/marine.fleygnac.fr\/wp-content\/uploads\/2020\/11\/DSC_4429-1025x1536.jpg 1025w, https:\/\/marine.fleygnac.fr\/wp-content\/uploads\/2020\/11\/DSC_4429-1367x2048.jpg 1367w, https:\/\/marine.fleygnac.fr\/wp-content\/uploads\/2020\/11\/DSC_4429-500x749.jpg 500w, https:\/\/marine.fleygnac.fr\/wp-content\/uploads\/2020\/11\/DSC_4429-scaled.jpg 1709w\" sizes=\"auto, (max-width: 683px) 100vw, 683px\" \/><\/figure>\n\n\n\n<figure class=\"wp-block-image size-large\"><img loading=\"lazy\" decoding=\"async\" width=\"683\" height=\"1024\" data-id=\"8423\" src=\"https:\/\/marine.fleygnac.fr\/wp-content\/uploads\/2023\/11\/DSC_7881-683x1024.jpg\" alt=\"\" class=\"wp-image-8423\" srcset=\"https:\/\/marine.fleygnac.fr\/wp-content\/uploads\/2023\/11\/DSC_7881-683x1024.jpg 683w, https:\/\/marine.fleygnac.fr\/wp-content\/uploads\/2023\/11\/DSC_7881-200x300.jpg 200w, https:\/\/marine.fleygnac.fr\/wp-content\/uploads\/2023\/11\/DSC_7881-768x1151.jpg 768w, https:\/\/marine.fleygnac.fr\/wp-content\/uploads\/2023\/11\/DSC_7881-1025x1536.jpg 1025w, https:\/\/marine.fleygnac.fr\/wp-content\/uploads\/2023\/11\/DSC_7881-1367x2048.jpg 1367w, https:\/\/marine.fleygnac.fr\/wp-content\/uploads\/2023\/11\/DSC_7881-500x749.jpg 500w, https:\/\/marine.fleygnac.fr\/wp-content\/uploads\/2023\/11\/DSC_7881-scaled.jpg 1708w\" sizes=\"auto, (max-width: 683px) 100vw, 683px\" \/><\/figure>\n\n\n\n<figure class=\"wp-block-image size-large\"><img loading=\"lazy\" decoding=\"async\" width=\"683\" height=\"1024\" data-id=\"8248\" src=\"https:\/\/marine.fleygnac.fr\/wp-content\/uploads\/2022\/10\/DSC_7397-683x1024.jpg\" alt=\"\" class=\"wp-image-8248\" srcset=\"https:\/\/marine.fleygnac.fr\/wp-content\/uploads\/2022\/10\/DSC_7397-683x1024.jpg 683w, https:\/\/marine.fleygnac.fr\/wp-content\/uploads\/2022\/10\/DSC_7397-200x300.jpg 200w, https:\/\/marine.fleygnac.fr\/wp-content\/uploads\/2022\/10\/DSC_7397-768x1151.jpg 768w, https:\/\/marine.fleygnac.fr\/wp-content\/uploads\/2022\/10\/DSC_7397-1025x1536.jpg 1025w, https:\/\/marine.fleygnac.fr\/wp-content\/uploads\/2022\/10\/DSC_7397-1367x2048.jpg 1367w, https:\/\/marine.fleygnac.fr\/wp-content\/uploads\/2022\/10\/DSC_7397-500x749.jpg 500w, https:\/\/marine.fleygnac.fr\/wp-content\/uploads\/2022\/10\/DSC_7397-scaled.jpg 1709w\" sizes=\"auto, (max-width: 683px) 100vw, 683px\" \/><\/figure>\n\n\n\n<figure class=\"wp-block-image size-large\"><img loading=\"lazy\" decoding=\"async\" width=\"1024\" height=\"683\" data-id=\"7103\" src=\"https:\/\/marine.fleygnac.fr\/wp-content\/uploads\/2020\/11\/DSC_1519-1024x683.jpg\" alt=\"\" class=\"wp-image-7103\" srcset=\"https:\/\/marine.fleygnac.fr\/wp-content\/uploads\/2020\/11\/DSC_1519-1024x683.jpg 1024w, https:\/\/marine.fleygnac.fr\/wp-content\/uploads\/2020\/11\/DSC_1519-300x200.jpg 300w, https:\/\/marine.fleygnac.fr\/wp-content\/uploads\/2020\/11\/DSC_1519-768x513.jpg 768w, https:\/\/marine.fleygnac.fr\/wp-content\/uploads\/2020\/11\/DSC_1519-1536x1025.jpg 1536w, https:\/\/marine.fleygnac.fr\/wp-content\/uploads\/2020\/11\/DSC_1519-2048x1367.jpg 2048w, https:\/\/marine.fleygnac.fr\/wp-content\/uploads\/2020\/11\/DSC_1519-600x400.jpg 600w, https:\/\/marine.fleygnac.fr\/wp-content\/uploads\/2020\/11\/DSC_1519-500x334.jpg 500w\" sizes=\"auto, (max-width: 1024px) 100vw, 1024px\" \/><\/figure>\n\n\n\n<figure class=\"wp-block-image size-large\"><img loading=\"lazy\" decoding=\"async\" width=\"1024\" height=\"683\" data-id=\"6585\" src=\"https:\/\/marine.fleygnac.fr\/wp-content\/uploads\/2020\/10\/dsc_8012-1024x683.jpg\" alt=\"\" class=\"wp-image-6585\" srcset=\"https:\/\/marine.fleygnac.fr\/wp-content\/uploads\/2020\/10\/dsc_8012-1024x683.jpg 1024w, https:\/\/marine.fleygnac.fr\/wp-content\/uploads\/2020\/10\/dsc_8012-300x200.jpg 300w, https:\/\/marine.fleygnac.fr\/wp-content\/uploads\/2020\/10\/dsc_8012-768x513.jpg 768w, https:\/\/marine.fleygnac.fr\/wp-content\/uploads\/2020\/10\/dsc_8012-1536x1025.jpg 1536w, https:\/\/marine.fleygnac.fr\/wp-content\/uploads\/2020\/10\/dsc_8012-2048x1367.jpg 2048w, https:\/\/marine.fleygnac.fr\/wp-content\/uploads\/2020\/10\/dsc_8012-600x400.jpg 600w, https:\/\/marine.fleygnac.fr\/wp-content\/uploads\/2020\/10\/dsc_8012-500x334.jpg 500w\" sizes=\"auto, (max-width: 1024px) 100vw, 1024px\" \/><\/figure>\n\n\n\n<figure class=\"wp-block-image size-large\"><img loading=\"lazy\" decoding=\"async\" width=\"1024\" height=\"683\" data-id=\"7133\" src=\"https:\/\/marine.fleygnac.fr\/wp-content\/uploads\/2020\/11\/DSC_8708-1024x683.jpg\" alt=\"\" class=\"wp-image-7133\" srcset=\"https:\/\/marine.fleygnac.fr\/wp-content\/uploads\/2020\/11\/DSC_8708-1024x683.jpg 1024w, https:\/\/marine.fleygnac.fr\/wp-content\/uploads\/2020\/11\/DSC_8708-300x200.jpg 300w, https:\/\/marine.fleygnac.fr\/wp-content\/uploads\/2020\/11\/DSC_8708-768x513.jpg 768w, https:\/\/marine.fleygnac.fr\/wp-content\/uploads\/2020\/11\/DSC_8708-1536x1025.jpg 1536w, https:\/\/marine.fleygnac.fr\/wp-content\/uploads\/2020\/11\/DSC_8708-2048x1367.jpg 2048w, https:\/\/marine.fleygnac.fr\/wp-content\/uploads\/2020\/11\/DSC_8708-600x400.jpg 600w, https:\/\/marine.fleygnac.fr\/wp-content\/uploads\/2020\/11\/DSC_8708-500x334.jpg 500w\" sizes=\"auto, (max-width: 1024px) 100vw, 1024px\" \/><\/figure>\n\n\n\n<figure class=\"wp-block-image size-large\"><img loading=\"lazy\" decoding=\"async\" width=\"1024\" height=\"683\" data-id=\"7109\" src=\"https:\/\/marine.fleygnac.fr\/wp-content\/uploads\/2020\/11\/DSC_4750-1024x683.jpg\" alt=\"\" class=\"wp-image-7109\" srcset=\"https:\/\/marine.fleygnac.fr\/wp-content\/uploads\/2020\/11\/DSC_4750-1024x683.jpg 1024w, https:\/\/marine.fleygnac.fr\/wp-content\/uploads\/2020\/11\/DSC_4750-300x200.jpg 300w, https:\/\/marine.fleygnac.fr\/wp-content\/uploads\/2020\/11\/DSC_4750-768x513.jpg 768w, https:\/\/marine.fleygnac.fr\/wp-content\/uploads\/2020\/11\/DSC_4750-1536x1025.jpg 1536w, https:\/\/marine.fleygnac.fr\/wp-content\/uploads\/2020\/11\/DSC_4750-2048x1367.jpg 2048w, https:\/\/marine.fleygnac.fr\/wp-content\/uploads\/2020\/11\/DSC_4750-600x400.jpg 600w, https:\/\/marine.fleygnac.fr\/wp-content\/uploads\/2020\/11\/DSC_4750-500x334.jpg 500w\" sizes=\"auto, (max-width: 1024px) 100vw, 1024px\" \/><\/figure>\n\n\n\n<figure class=\"wp-block-image size-large\"><img loading=\"lazy\" decoding=\"async\" width=\"683\" height=\"1024\" data-id=\"6582\" src=\"https:\/\/marine.fleygnac.fr\/wp-content\/uploads\/2020\/10\/dsc_7594-683x1024.jpg\" alt=\"\" class=\"wp-image-6582\" srcset=\"https:\/\/marine.fleygnac.fr\/wp-content\/uploads\/2020\/10\/dsc_7594-683x1024.jpg 683w, https:\/\/marine.fleygnac.fr\/wp-content\/uploads\/2020\/10\/dsc_7594-200x300.jpg 200w, https:\/\/marine.fleygnac.fr\/wp-content\/uploads\/2020\/10\/dsc_7594-768x1151.jpg 768w, https:\/\/marine.fleygnac.fr\/wp-content\/uploads\/2020\/10\/dsc_7594-1025x1536.jpg 1025w, https:\/\/marine.fleygnac.fr\/wp-content\/uploads\/2020\/10\/dsc_7594-1367x2048.jpg 1367w, https:\/\/marine.fleygnac.fr\/wp-content\/uploads\/2020\/10\/dsc_7594-500x749.jpg 500w, https:\/\/marine.fleygnac.fr\/wp-content\/uploads\/2020\/10\/dsc_7594-600x899.jpg 600w, https:\/\/marine.fleygnac.fr\/wp-content\/uploads\/2020\/10\/dsc_7594-scaled.jpg 1709w\" sizes=\"auto, (max-width: 683px) 100vw, 683px\" \/><\/figure>\n\n\n\n<figure class=\"wp-block-image size-large\"><img loading=\"lazy\" decoding=\"async\" width=\"683\" height=\"1024\" data-id=\"8439\" src=\"https:\/\/marine.fleygnac.fr\/wp-content\/uploads\/2023\/11\/DSC_2590-683x1024.jpg\" alt=\"\" class=\"wp-image-8439\" srcset=\"https:\/\/marine.fleygnac.fr\/wp-content\/uploads\/2023\/11\/DSC_2590-683x1024.jpg 683w, https:\/\/marine.fleygnac.fr\/wp-content\/uploads\/2023\/11\/DSC_2590-200x300.jpg 200w, https:\/\/marine.fleygnac.fr\/wp-content\/uploads\/2023\/11\/DSC_2590-768x1151.jpg 768w, https:\/\/marine.fleygnac.fr\/wp-content\/uploads\/2023\/11\/DSC_2590-1025x1536.jpg 1025w, https:\/\/marine.fleygnac.fr\/wp-content\/uploads\/2023\/11\/DSC_2590-1367x2048.jpg 1367w, https:\/\/marine.fleygnac.fr\/wp-content\/uploads\/2023\/11\/DSC_2590-500x749.jpg 500w, https:\/\/marine.fleygnac.fr\/wp-content\/uploads\/2023\/11\/DSC_2590-scaled.jpg 1709w\" sizes=\"auto, (max-width: 683px) 100vw, 683px\" \/><\/figure>\n\n\n\n<figure class=\"wp-block-image size-large\"><img loading=\"lazy\" decoding=\"async\" width=\"683\" height=\"1024\" data-id=\"7135\" src=\"https:\/\/marine.fleygnac.fr\/wp-content\/uploads\/2020\/11\/DSC_8888-Copie-683x1024.jpg\" alt=\"\" class=\"wp-image-7135\" srcset=\"https:\/\/marine.fleygnac.fr\/wp-content\/uploads\/2020\/11\/DSC_8888-Copie-683x1024.jpg 683w, https:\/\/marine.fleygnac.fr\/wp-content\/uploads\/2020\/11\/DSC_8888-Copie-200x300.jpg 200w, https:\/\/marine.fleygnac.fr\/wp-content\/uploads\/2020\/11\/DSC_8888-Copie-768x1151.jpg 768w, https:\/\/marine.fleygnac.fr\/wp-content\/uploads\/2020\/11\/DSC_8888-Copie-1025x1536.jpg 1025w, https:\/\/marine.fleygnac.fr\/wp-content\/uploads\/2020\/11\/DSC_8888-Copie-1367x2048.jpg 1367w, https:\/\/marine.fleygnac.fr\/wp-content\/uploads\/2020\/11\/DSC_8888-Copie-500x749.jpg 500w, https:\/\/marine.fleygnac.fr\/wp-content\/uploads\/2020\/11\/DSC_8888-Copie-scaled.jpg 1709w\" sizes=\"auto, (max-width: 683px) 100vw, 683px\" \/><\/figure>\n\n\n\n<figure class=\"wp-block-image size-large\"><img loading=\"lazy\" decoding=\"async\" width=\"683\" height=\"1024\" data-id=\"7104\" src=\"https:\/\/marine.fleygnac.fr\/wp-content\/uploads\/2020\/11\/DSC_1556-683x1024.jpg\" alt=\"\" class=\"wp-image-7104\" srcset=\"https:\/\/marine.fleygnac.fr\/wp-content\/uploads\/2020\/11\/DSC_1556-683x1024.jpg 683w, https:\/\/marine.fleygnac.fr\/wp-content\/uploads\/2020\/11\/DSC_1556-200x300.jpg 200w, https:\/\/marine.fleygnac.fr\/wp-content\/uploads\/2020\/11\/DSC_1556-768x1151.jpg 768w, https:\/\/marine.fleygnac.fr\/wp-content\/uploads\/2020\/11\/DSC_1556-1025x1536.jpg 1025w, https:\/\/marine.fleygnac.fr\/wp-content\/uploads\/2020\/11\/DSC_1556-1367x2048.jpg 1367w, https:\/\/marine.fleygnac.fr\/wp-content\/uploads\/2020\/11\/DSC_1556-500x749.jpg 500w, https:\/\/marine.fleygnac.fr\/wp-content\/uploads\/2020\/11\/DSC_1556-scaled.jpg 1709w\" sizes=\"auto, (max-width: 683px) 100vw, 683px\" \/><\/figure>\n\n\n\n<figure class=\"wp-block-image size-large\"><img loading=\"lazy\" decoding=\"async\" width=\"683\" height=\"1024\" data-id=\"8476\" src=\"https:\/\/marine.fleygnac.fr\/wp-content\/uploads\/2024\/06\/DSC_8931-683x1024.jpg\" alt=\"photos de mariage tours\" class=\"wp-image-8476\" srcset=\"https:\/\/marine.fleygnac.fr\/wp-content\/uploads\/2024\/06\/DSC_8931-683x1024.jpg 683w, https:\/\/marine.fleygnac.fr\/wp-content\/uploads\/2024\/06\/DSC_8931-200x300.jpg 200w, https:\/\/marine.fleygnac.fr\/wp-content\/uploads\/2024\/06\/DSC_8931-768x1151.jpg 768w, https:\/\/marine.fleygnac.fr\/wp-content\/uploads\/2024\/06\/DSC_8931-1025x1536.jpg 1025w, https:\/\/marine.fleygnac.fr\/wp-content\/uploads\/2024\/06\/DSC_8931-1367x2048.jpg 1367w, https:\/\/marine.fleygnac.fr\/wp-content\/uploads\/2024\/06\/DSC_8931-500x749.jpg 500w, https:\/\/marine.fleygnac.fr\/wp-content\/uploads\/2024\/06\/DSC_8931-scaled.jpg 1708w\" sizes=\"auto, (max-width: 683px) 100vw, 683px\" \/><\/figure>\n\n\n\n<figure class=\"wp-block-image size-large\"><img loading=\"lazy\" decoding=\"async\" width=\"683\" height=\"1024\" data-id=\"8170\" src=\"https:\/\/marine.fleygnac.fr\/wp-content\/uploads\/2021\/11\/DSC_4176-683x1024.jpg\" alt=\"\" class=\"wp-image-8170\" srcset=\"https:\/\/marine.fleygnac.fr\/wp-content\/uploads\/2021\/11\/DSC_4176-683x1024.jpg 683w, https:\/\/marine.fleygnac.fr\/wp-content\/uploads\/2021\/11\/DSC_4176-200x300.jpg 200w, https:\/\/marine.fleygnac.fr\/wp-content\/uploads\/2021\/11\/DSC_4176-768x1151.jpg 768w, https:\/\/marine.fleygnac.fr\/wp-content\/uploads\/2021\/11\/DSC_4176-1025x1536.jpg 1025w, https:\/\/marine.fleygnac.fr\/wp-content\/uploads\/2021\/11\/DSC_4176-1367x2048.jpg 1367w, https:\/\/marine.fleygnac.fr\/wp-content\/uploads\/2021\/11\/DSC_4176-500x749.jpg 500w, https:\/\/marine.fleygnac.fr\/wp-content\/uploads\/2021\/11\/DSC_4176-scaled.jpg 1709w\" sizes=\"auto, (max-width: 683px) 100vw, 683px\" \/><\/figure>\n\n\n\n<figure class=\"wp-block-image size-large\"><img loading=\"lazy\" decoding=\"async\" width=\"683\" height=\"1024\" data-id=\"6583\" src=\"https:\/\/marine.fleygnac.fr\/wp-content\/uploads\/2020\/10\/dsc_7670-683x1024.jpg\" alt=\"\" class=\"wp-image-6583\" srcset=\"https:\/\/marine.fleygnac.fr\/wp-content\/uploads\/2020\/10\/dsc_7670-683x1024.jpg 683w, https:\/\/marine.fleygnac.fr\/wp-content\/uploads\/2020\/10\/dsc_7670-200x300.jpg 200w, https:\/\/marine.fleygnac.fr\/wp-content\/uploads\/2020\/10\/dsc_7670-768x1151.jpg 768w, https:\/\/marine.fleygnac.fr\/wp-content\/uploads\/2020\/10\/dsc_7670-1025x1536.jpg 1025w, https:\/\/marine.fleygnac.fr\/wp-content\/uploads\/2020\/10\/dsc_7670-1367x2048.jpg 1367w, https:\/\/marine.fleygnac.fr\/wp-content\/uploads\/2020\/10\/dsc_7670-500x749.jpg 500w, https:\/\/marine.fleygnac.fr\/wp-content\/uploads\/2020\/10\/dsc_7670-600x899.jpg 600w, https:\/\/marine.fleygnac.fr\/wp-content\/uploads\/2020\/10\/dsc_7670-scaled.jpg 1709w\" sizes=\"auto, (max-width: 683px) 100vw, 683px\" \/><\/figure>\n\n\n\n<figure class=\"wp-block-image size-large\"><img loading=\"lazy\" decoding=\"async\" width=\"683\" height=\"1024\" data-id=\"7101\" src=\"https:\/\/marine.fleygnac.fr\/wp-content\/uploads\/2020\/11\/DSC_1330-683x1024.jpg\" alt=\"\" class=\"wp-image-7101\" srcset=\"https:\/\/marine.fleygnac.fr\/wp-content\/uploads\/2020\/11\/DSC_1330-683x1024.jpg 683w, https:\/\/marine.fleygnac.fr\/wp-content\/uploads\/2020\/11\/DSC_1330-200x300.jpg 200w, https:\/\/marine.fleygnac.fr\/wp-content\/uploads\/2020\/11\/DSC_1330-768x1151.jpg 768w, https:\/\/marine.fleygnac.fr\/wp-content\/uploads\/2020\/11\/DSC_1330-1025x1536.jpg 1025w, https:\/\/marine.fleygnac.fr\/wp-content\/uploads\/2020\/11\/DSC_1330-1367x2048.jpg 1367w, https:\/\/marine.fleygnac.fr\/wp-content\/uploads\/2020\/11\/DSC_1330-500x749.jpg 500w, https:\/\/marine.fleygnac.fr\/wp-content\/uploads\/2020\/11\/DSC_1330-scaled.jpg 1708w\" sizes=\"auto, (max-width: 683px) 100vw, 683px\" \/><\/figure>\n\n\n\n<figure class=\"wp-block-image size-large\"><img loading=\"lazy\" decoding=\"async\" width=\"1024\" height=\"683\" data-id=\"7113\" src=\"https:\/\/marine.fleygnac.fr\/wp-content\/uploads\/2020\/11\/DSC_4911-1024x683.jpg\" alt=\"\" class=\"wp-image-7113\" srcset=\"https:\/\/marine.fleygnac.fr\/wp-content\/uploads\/2020\/11\/DSC_4911-1024x683.jpg 1024w, https:\/\/marine.fleygnac.fr\/wp-content\/uploads\/2020\/11\/DSC_4911-300x200.jpg 300w, https:\/\/marine.fleygnac.fr\/wp-content\/uploads\/2020\/11\/DSC_4911-768x513.jpg 768w, https:\/\/marine.fleygnac.fr\/wp-content\/uploads\/2020\/11\/DSC_4911-1536x1025.jpg 1536w, https:\/\/marine.fleygnac.fr\/wp-content\/uploads\/2020\/11\/DSC_4911-2048x1367.jpg 2048w, https:\/\/marine.fleygnac.fr\/wp-content\/uploads\/2020\/11\/DSC_4911-600x400.jpg 600w, https:\/\/marine.fleygnac.fr\/wp-content\/uploads\/2020\/11\/DSC_4911-500x334.jpg 500w\" sizes=\"auto, (max-width: 1024px) 100vw, 1024px\" \/><\/figure>\n\n\n\n<figure class=\"wp-block-image size-large\"><img loading=\"lazy\" decoding=\"async\" width=\"1024\" height=\"683\" data-id=\"6576\" src=\"https:\/\/marine.fleygnac.fr\/wp-content\/uploads\/2020\/10\/dsc_6716-1024x683.jpg\" alt=\"\" class=\"wp-image-6576\" srcset=\"https:\/\/marine.fleygnac.fr\/wp-content\/uploads\/2020\/10\/dsc_6716-1024x683.jpg 1024w, https:\/\/marine.fleygnac.fr\/wp-content\/uploads\/2020\/10\/dsc_6716-300x200.jpg 300w, https:\/\/marine.fleygnac.fr\/wp-content\/uploads\/2020\/10\/dsc_6716-768x513.jpg 768w, https:\/\/marine.fleygnac.fr\/wp-content\/uploads\/2020\/10\/dsc_6716-1536x1025.jpg 1536w, https:\/\/marine.fleygnac.fr\/wp-content\/uploads\/2020\/10\/dsc_6716-2048x1367.jpg 2048w, https:\/\/marine.fleygnac.fr\/wp-content\/uploads\/2020\/10\/dsc_6716-600x400.jpg 600w, https:\/\/marine.fleygnac.fr\/wp-content\/uploads\/2020\/10\/dsc_6716-500x334.jpg 500w\" sizes=\"auto, (max-width: 1024px) 100vw, 1024px\" \/><\/figure>\n\n\n\n<figure class=\"wp-block-image size-large\"><img loading=\"lazy\" decoding=\"async\" width=\"1024\" height=\"683\" data-id=\"8165\" src=\"https:\/\/marine.fleygnac.fr\/wp-content\/uploads\/2021\/11\/DSC_3681-1024x683.jpg\" alt=\"\" class=\"wp-image-8165\" srcset=\"https:\/\/marine.fleygnac.fr\/wp-content\/uploads\/2021\/11\/DSC_3681-1024x683.jpg 1024w, https:\/\/marine.fleygnac.fr\/wp-content\/uploads\/2021\/11\/DSC_3681-300x200.jpg 300w, https:\/\/marine.fleygnac.fr\/wp-content\/uploads\/2021\/11\/DSC_3681-768x513.jpg 768w, https:\/\/marine.fleygnac.fr\/wp-content\/uploads\/2021\/11\/DSC_3681-1536x1025.jpg 1536w, https:\/\/marine.fleygnac.fr\/wp-content\/uploads\/2021\/11\/DSC_3681-2048x1367.jpg 2048w, https:\/\/marine.fleygnac.fr\/wp-content\/uploads\/2021\/11\/DSC_3681-600x400.jpg 600w, https:\/\/marine.fleygnac.fr\/wp-content\/uploads\/2021\/11\/DSC_3681-500x334.jpg 500w\" sizes=\"auto, (max-width: 1024px) 100vw, 1024px\" \/><\/figure>\n\n\n\n<figure class=\"wp-block-image size-large\"><img loading=\"lazy\" decoding=\"async\" width=\"1024\" height=\"683\" data-id=\"7108\" src=\"https:\/\/marine.fleygnac.fr\/wp-content\/uploads\/2020\/11\/DSC_4741-1024x683.jpg\" alt=\"\" class=\"wp-image-7108\" srcset=\"https:\/\/marine.fleygnac.fr\/wp-content\/uploads\/2020\/11\/DSC_4741-1024x683.jpg 1024w, https:\/\/marine.fleygnac.fr\/wp-content\/uploads\/2020\/11\/DSC_4741-300x200.jpg 300w, https:\/\/marine.fleygnac.fr\/wp-content\/uploads\/2020\/11\/DSC_4741-768x513.jpg 768w, https:\/\/marine.fleygnac.fr\/wp-content\/uploads\/2020\/11\/DSC_4741-1536x1025.jpg 1536w, https:\/\/marine.fleygnac.fr\/wp-content\/uploads\/2020\/11\/DSC_4741-2048x1367.jpg 2048w, https:\/\/marine.fleygnac.fr\/wp-content\/uploads\/2020\/11\/DSC_4741-600x400.jpg 600w, https:\/\/marine.fleygnac.fr\/wp-content\/uploads\/2020\/11\/DSC_4741-500x334.jpg 500w\" sizes=\"auto, (max-width: 1024px) 100vw, 1024px\" \/><\/figure>\n\n\n\n<figure class=\"wp-block-image size-large\"><img loading=\"lazy\" decoding=\"async\" width=\"683\" height=\"1024\" data-id=\"8433\" src=\"https:\/\/marine.fleygnac.fr\/wp-content\/uploads\/2023\/11\/16700791_tours_29062023_-683x1024.jpg\" alt=\"\" class=\"wp-image-8433\" srcset=\"https:\/\/marine.fleygnac.fr\/wp-content\/uploads\/2023\/11\/16700791_tours_29062023_-683x1024.jpg 683w, https:\/\/marine.fleygnac.fr\/wp-content\/uploads\/2023\/11\/16700791_tours_29062023_-200x300.jpg 200w, https:\/\/marine.fleygnac.fr\/wp-content\/uploads\/2023\/11\/16700791_tours_29062023_-768x1151.jpg 768w, https:\/\/marine.fleygnac.fr\/wp-content\/uploads\/2023\/11\/16700791_tours_29062023_-1025x1536.jpg 1025w, https:\/\/marine.fleygnac.fr\/wp-content\/uploads\/2023\/11\/16700791_tours_29062023_-1367x2048.jpg 1367w, https:\/\/marine.fleygnac.fr\/wp-content\/uploads\/2023\/11\/16700791_tours_29062023_-500x749.jpg 500w, https:\/\/marine.fleygnac.fr\/wp-content\/uploads\/2023\/11\/16700791_tours_29062023_-scaled.jpg 1709w\" sizes=\"auto, (max-width: 683px) 100vw, 683px\" \/><\/figure>\n\n\n\n<figure class=\"wp-block-image size-large\"><img loading=\"lazy\" decoding=\"async\" width=\"683\" height=\"1024\" data-id=\"8246\" src=\"https:\/\/marine.fleygnac.fr\/wp-content\/uploads\/2022\/10\/DSC_7644-683x1024.jpg\" alt=\"\" class=\"wp-image-8246\" srcset=\"https:\/\/marine.fleygnac.fr\/wp-content\/uploads\/2022\/10\/DSC_7644-683x1024.jpg 683w, https:\/\/marine.fleygnac.fr\/wp-content\/uploads\/2022\/10\/DSC_7644-200x300.jpg 200w, https:\/\/marine.fleygnac.fr\/wp-content\/uploads\/2022\/10\/DSC_7644-768x1151.jpg 768w, https:\/\/marine.fleygnac.fr\/wp-content\/uploads\/2022\/10\/DSC_7644-1025x1536.jpg 1025w, https:\/\/marine.fleygnac.fr\/wp-content\/uploads\/2022\/10\/DSC_7644-1367x2048.jpg 1367w, https:\/\/marine.fleygnac.fr\/wp-content\/uploads\/2022\/10\/DSC_7644-500x749.jpg 500w, https:\/\/marine.fleygnac.fr\/wp-content\/uploads\/2022\/10\/DSC_7644-scaled.jpg 1709w\" sizes=\"auto, (max-width: 683px) 100vw, 683px\" \/><\/figure>\n\n\n\n<figure class=\"wp-block-image size-large\"><img loading=\"lazy\" decoding=\"async\" width=\"683\" height=\"1024\" data-id=\"8408\" src=\"https:\/\/marine.fleygnac.fr\/wp-content\/uploads\/2023\/11\/DSC_5123-683x1024.jpg\" alt=\"\" class=\"wp-image-8408\" srcset=\"https:\/\/marine.fleygnac.fr\/wp-content\/uploads\/2023\/11\/DSC_5123-683x1024.jpg 683w, https:\/\/marine.fleygnac.fr\/wp-content\/uploads\/2023\/11\/DSC_5123-200x300.jpg 200w, https:\/\/marine.fleygnac.fr\/wp-content\/uploads\/2023\/11\/DSC_5123-768x1151.jpg 768w, https:\/\/marine.fleygnac.fr\/wp-content\/uploads\/2023\/11\/DSC_5123-1025x1536.jpg 1025w, https:\/\/marine.fleygnac.fr\/wp-content\/uploads\/2023\/11\/DSC_5123-1367x2048.jpg 1367w, https:\/\/marine.fleygnac.fr\/wp-content\/uploads\/2023\/11\/DSC_5123-500x749.jpg 500w, https:\/\/marine.fleygnac.fr\/wp-content\/uploads\/2023\/11\/DSC_5123-scaled.jpg 1709w\" sizes=\"auto, (max-width: 683px) 100vw, 683px\" \/><\/figure>\n\n\n\n<figure class=\"wp-block-image size-large\"><img loading=\"lazy\" decoding=\"async\" width=\"683\" height=\"1024\" data-id=\"8239\" src=\"https:\/\/marine.fleygnac.fr\/wp-content\/uploads\/2022\/10\/DSC_9488-683x1024.jpg\" alt=\"\" class=\"wp-image-8239\" srcset=\"https:\/\/marine.fleygnac.fr\/wp-content\/uploads\/2022\/10\/DSC_9488-683x1024.jpg 683w, https:\/\/marine.fleygnac.fr\/wp-content\/uploads\/2022\/10\/DSC_9488-200x300.jpg 200w, https:\/\/marine.fleygnac.fr\/wp-content\/uploads\/2022\/10\/DSC_9488-768x1151.jpg 768w, https:\/\/marine.fleygnac.fr\/wp-content\/uploads\/2022\/10\/DSC_9488-1025x1536.jpg 1025w, https:\/\/marine.fleygnac.fr\/wp-content\/uploads\/2022\/10\/DSC_9488-1367x2048.jpg 1367w, https:\/\/marine.fleygnac.fr\/wp-content\/uploads\/2022\/10\/DSC_9488-500x749.jpg 500w, https:\/\/marine.fleygnac.fr\/wp-content\/uploads\/2022\/10\/DSC_9488-scaled.jpg 1709w\" sizes=\"auto, (max-width: 683px) 100vw, 683px\" \/><\/figure>\n\n\n\n<figure class=\"wp-block-image size-large\"><img loading=\"lazy\" decoding=\"async\" width=\"683\" height=\"1024\" data-id=\"8313\" src=\"https:\/\/marine.fleygnac.fr\/wp-content\/uploads\/2023\/10\/DSC_2599-683x1024.jpg\" alt=\"\" class=\"wp-image-8313\" srcset=\"https:\/\/marine.fleygnac.fr\/wp-content\/uploads\/2023\/10\/DSC_2599-683x1024.jpg 683w, https:\/\/marine.fleygnac.fr\/wp-content\/uploads\/2023\/10\/DSC_2599-200x300.jpg 200w, https:\/\/marine.fleygnac.fr\/wp-content\/uploads\/2023\/10\/DSC_2599-768x1151.jpg 768w, https:\/\/marine.fleygnac.fr\/wp-content\/uploads\/2023\/10\/DSC_2599-1025x1536.jpg 1025w, https:\/\/marine.fleygnac.fr\/wp-content\/uploads\/2023\/10\/DSC_2599-1367x2048.jpg 1367w, https:\/\/marine.fleygnac.fr\/wp-content\/uploads\/2023\/10\/DSC_2599-500x749.jpg 500w, https:\/\/marine.fleygnac.fr\/wp-content\/uploads\/2023\/10\/DSC_2599-scaled.jpg 1709w\" sizes=\"auto, (max-width: 683px) 100vw, 683px\" \/><\/figure>\n\n\n\n<figure class=\"wp-block-image size-large\"><img loading=\"lazy\" decoding=\"async\" width=\"683\" height=\"1024\" data-id=\"8139\" src=\"https:\/\/marine.fleygnac.fr\/wp-content\/uploads\/2021\/10\/DSC_2608-683x1024.jpg\" alt=\"\" class=\"wp-image-8139\" srcset=\"https:\/\/marine.fleygnac.fr\/wp-content\/uploads\/2021\/10\/DSC_2608-683x1024.jpg 683w, https:\/\/marine.fleygnac.fr\/wp-content\/uploads\/2021\/10\/DSC_2608-200x300.jpg 200w, https:\/\/marine.fleygnac.fr\/wp-content\/uploads\/2021\/10\/DSC_2608-768x1151.jpg 768w, https:\/\/marine.fleygnac.fr\/wp-content\/uploads\/2021\/10\/DSC_2608-1025x1536.jpg 1025w, https:\/\/marine.fleygnac.fr\/wp-content\/uploads\/2021\/10\/DSC_2608-1367x2048.jpg 1367w, https:\/\/marine.fleygnac.fr\/wp-content\/uploads\/2021\/10\/DSC_2608-500x749.jpg 500w, https:\/\/marine.fleygnac.fr\/wp-content\/uploads\/2021\/10\/DSC_2608-scaled.jpg 1708w\" sizes=\"auto, (max-width: 683px) 100vw, 683px\" \/><\/figure>\n\n\n\n<figure class=\"wp-block-image size-large\"><img loading=\"lazy\" decoding=\"async\" width=\"683\" height=\"1024\" data-id=\"8254\" src=\"https:\/\/marine.fleygnac.fr\/wp-content\/uploads\/2022\/10\/DSC_9466-683x1024.jpg\" alt=\"\" class=\"wp-image-8254\" srcset=\"https:\/\/marine.fleygnac.fr\/wp-content\/uploads\/2022\/10\/DSC_9466-683x1024.jpg 683w, https:\/\/marine.fleygnac.fr\/wp-content\/uploads\/2022\/10\/DSC_9466-200x300.jpg 200w, https:\/\/marine.fleygnac.fr\/wp-content\/uploads\/2022\/10\/DSC_9466-768x1151.jpg 768w, https:\/\/marine.fleygnac.fr\/wp-content\/uploads\/2022\/10\/DSC_9466-1025x1536.jpg 1025w, https:\/\/marine.fleygnac.fr\/wp-content\/uploads\/2022\/10\/DSC_9466-1367x2048.jpg 1367w, https:\/\/marine.fleygnac.fr\/wp-content\/uploads\/2022\/10\/DSC_9466-500x749.jpg 500w, https:\/\/marine.fleygnac.fr\/wp-content\/uploads\/2022\/10\/DSC_9466-scaled.jpg 1709w\" sizes=\"auto, (max-width: 683px) 100vw, 683px\" \/><\/figure>\n\n\n\n<figure class=\"wp-block-image size-large\"><img loading=\"lazy\" decoding=\"async\" width=\"683\" height=\"1024\" data-id=\"8428\" src=\"https:\/\/marine.fleygnac.fr\/wp-content\/uploads\/2023\/11\/DSC_6032-683x1024.jpg\" alt=\"\" class=\"wp-image-8428\" srcset=\"https:\/\/marine.fleygnac.fr\/wp-content\/uploads\/2023\/11\/DSC_6032-683x1024.jpg 683w, https:\/\/marine.fleygnac.fr\/wp-content\/uploads\/2023\/11\/DSC_6032-200x300.jpg 200w, https:\/\/marine.fleygnac.fr\/wp-content\/uploads\/2023\/11\/DSC_6032-768x1151.jpg 768w, https:\/\/marine.fleygnac.fr\/wp-content\/uploads\/2023\/11\/DSC_6032-1025x1536.jpg 1025w, https:\/\/marine.fleygnac.fr\/wp-content\/uploads\/2023\/11\/DSC_6032-1367x2048.jpg 1367w, https:\/\/marine.fleygnac.fr\/wp-content\/uploads\/2023\/11\/DSC_6032-500x749.jpg 500w, https:\/\/marine.fleygnac.fr\/wp-content\/uploads\/2023\/11\/DSC_6032-scaled.jpg 1709w\" sizes=\"auto, (max-width: 683px) 100vw, 683px\" \/><\/figure>\n\n\n\n<figure class=\"wp-block-image size-large\"><img loading=\"lazy\" decoding=\"async\" width=\"683\" height=\"1024\" data-id=\"8405\" src=\"https:\/\/marine.fleygnac.fr\/wp-content\/uploads\/2023\/11\/DSC_7964-683x1024.jpg\" alt=\"\" class=\"wp-image-8405\" srcset=\"https:\/\/marine.fleygnac.fr\/wp-content\/uploads\/2023\/11\/DSC_7964-683x1024.jpg 683w, https:\/\/marine.fleygnac.fr\/wp-content\/uploads\/2023\/11\/DSC_7964-200x300.jpg 200w, https:\/\/marine.fleygnac.fr\/wp-content\/uploads\/2023\/11\/DSC_7964-768x1151.jpg 768w, https:\/\/marine.fleygnac.fr\/wp-content\/uploads\/2023\/11\/DSC_7964-1025x1536.jpg 1025w, https:\/\/marine.fleygnac.fr\/wp-content\/uploads\/2023\/11\/DSC_7964-1367x2048.jpg 1367w, https:\/\/marine.fleygnac.fr\/wp-content\/uploads\/2023\/11\/DSC_7964-500x749.jpg 500w, https:\/\/marine.fleygnac.fr\/wp-content\/uploads\/2023\/11\/DSC_7964-scaled.jpg 1708w\" sizes=\"auto, (max-width: 683px) 100vw, 683px\" \/><\/figure>\n\n\n\n<figure class=\"wp-block-image size-large\"><img loading=\"lazy\" decoding=\"async\" width=\"683\" height=\"1024\" data-id=\"8420\" src=\"https:\/\/marine.fleygnac.fr\/wp-content\/uploads\/2023\/11\/DSC_6502-683x1024.jpg\" alt=\"\" class=\"wp-image-8420\" srcset=\"https:\/\/marine.fleygnac.fr\/wp-content\/uploads\/2023\/11\/DSC_6502-683x1024.jpg 683w, https:\/\/marine.fleygnac.fr\/wp-content\/uploads\/2023\/11\/DSC_6502-200x300.jpg 200w, https:\/\/marine.fleygnac.fr\/wp-content\/uploads\/2023\/11\/DSC_6502-768x1151.jpg 768w, https:\/\/marine.fleygnac.fr\/wp-content\/uploads\/2023\/11\/DSC_6502-1025x1536.jpg 1025w, https:\/\/marine.fleygnac.fr\/wp-content\/uploads\/2023\/11\/DSC_6502-1367x2048.jpg 1367w, https:\/\/marine.fleygnac.fr\/wp-content\/uploads\/2023\/11\/DSC_6502-500x749.jpg 500w, https:\/\/marine.fleygnac.fr\/wp-content\/uploads\/2023\/11\/DSC_6502-scaled.jpg 1709w\" sizes=\"auto, (max-width: 683px) 100vw, 683px\" \/><\/figure>\n\n\n\n<figure class=\"wp-block-image size-large\"><img loading=\"lazy\" decoding=\"async\" width=\"683\" height=\"1024\" data-id=\"8419\" src=\"https:\/\/marine.fleygnac.fr\/wp-content\/uploads\/2023\/11\/DSC_2047-683x1024.jpg\" alt=\"\" class=\"wp-image-8419\" srcset=\"https:\/\/marine.fleygnac.fr\/wp-content\/uploads\/2023\/11\/DSC_2047-683x1024.jpg 683w, https:\/\/marine.fleygnac.fr\/wp-content\/uploads\/2023\/11\/DSC_2047-200x300.jpg 200w, https:\/\/marine.fleygnac.fr\/wp-content\/uploads\/2023\/11\/DSC_2047-768x1151.jpg 768w, https:\/\/marine.fleygnac.fr\/wp-content\/uploads\/2023\/11\/DSC_2047-1025x1536.jpg 1025w, https:\/\/marine.fleygnac.fr\/wp-content\/uploads\/2023\/11\/DSC_2047-1367x2048.jpg 1367w, https:\/\/marine.fleygnac.fr\/wp-content\/uploads\/2023\/11\/DSC_2047-500x749.jpg 500w, https:\/\/marine.fleygnac.fr\/wp-content\/uploads\/2023\/11\/DSC_2047-scaled.jpg 1708w\" sizes=\"auto, (max-width: 683px) 100vw, 683px\" \/><\/figure>\n\n\n\n<figure class=\"wp-block-image size-large\"><img loading=\"lazy\" decoding=\"async\" width=\"683\" height=\"1024\" data-id=\"8421\" src=\"https:\/\/marine.fleygnac.fr\/wp-content\/uploads\/2023\/11\/DSC_1809-683x1024.jpg\" alt=\"\" class=\"wp-image-8421\" srcset=\"https:\/\/marine.fleygnac.fr\/wp-content\/uploads\/2023\/11\/DSC_1809-683x1024.jpg 683w, https:\/\/marine.fleygnac.fr\/wp-content\/uploads\/2023\/11\/DSC_1809-200x300.jpg 200w, https:\/\/marine.fleygnac.fr\/wp-content\/uploads\/2023\/11\/DSC_1809-768x1151.jpg 768w, https:\/\/marine.fleygnac.fr\/wp-content\/uploads\/2023\/11\/DSC_1809-1025x1536.jpg 1025w, https:\/\/marine.fleygnac.fr\/wp-content\/uploads\/2023\/11\/DSC_1809-1367x2048.jpg 1367w, https:\/\/marine.fleygnac.fr\/wp-content\/uploads\/2023\/11\/DSC_1809-500x749.jpg 500w, https:\/\/marine.fleygnac.fr\/wp-content\/uploads\/2023\/11\/DSC_1809-scaled.jpg 1709w\" sizes=\"auto, (max-width: 683px) 100vw, 683px\" \/><\/figure>\n\n\n\n<figure class=\"wp-block-image size-large\"><img loading=\"lazy\" decoding=\"async\" width=\"683\" height=\"1024\" data-id=\"8442\" src=\"https:\/\/marine.fleygnac.fr\/wp-content\/uploads\/2023\/11\/DSC_6381-683x1024.jpg\" alt=\"\" class=\"wp-image-8442\" srcset=\"https:\/\/marine.fleygnac.fr\/wp-content\/uploads\/2023\/11\/DSC_6381-683x1024.jpg 683w, https:\/\/marine.fleygnac.fr\/wp-content\/uploads\/2023\/11\/DSC_6381-200x300.jpg 200w, https:\/\/marine.fleygnac.fr\/wp-content\/uploads\/2023\/11\/DSC_6381-768x1151.jpg 768w, https:\/\/marine.fleygnac.fr\/wp-content\/uploads\/2023\/11\/DSC_6381-1025x1536.jpg 1025w, https:\/\/marine.fleygnac.fr\/wp-content\/uploads\/2023\/11\/DSC_6381-1367x2048.jpg 1367w, https:\/\/marine.fleygnac.fr\/wp-content\/uploads\/2023\/11\/DSC_6381-500x749.jpg 500w, https:\/\/marine.fleygnac.fr\/wp-content\/uploads\/2023\/11\/DSC_6381-scaled.jpg 1708w\" sizes=\"auto, (max-width: 683px) 100vw, 683px\" \/><\/figure>\n\n\n\n<figure class=\"wp-block-image size-large\"><img loading=\"lazy\" decoding=\"async\" width=\"683\" height=\"1024\" data-id=\"8422\" src=\"https:\/\/marine.fleygnac.fr\/wp-content\/uploads\/2023\/11\/DSC_7880-683x1024.jpg\" alt=\"\" class=\"wp-image-8422\" srcset=\"https:\/\/marine.fleygnac.fr\/wp-content\/uploads\/2023\/11\/DSC_7880-683x1024.jpg 683w, https:\/\/marine.fleygnac.fr\/wp-content\/uploads\/2023\/11\/DSC_7880-200x300.jpg 200w, https:\/\/marine.fleygnac.fr\/wp-content\/uploads\/2023\/11\/DSC_7880-768x1151.jpg 768w, https:\/\/marine.fleygnac.fr\/wp-content\/uploads\/2023\/11\/DSC_7880-1025x1536.jpg 1025w, https:\/\/marine.fleygnac.fr\/wp-content\/uploads\/2023\/11\/DSC_7880-1367x2048.jpg 1367w, https:\/\/marine.fleygnac.fr\/wp-content\/uploads\/2023\/11\/DSC_7880-500x749.jpg 500w, https:\/\/marine.fleygnac.fr\/wp-content\/uploads\/2023\/11\/DSC_7880-scaled.jpg 1709w\" sizes=\"auto, (max-width: 683px) 100vw, 683px\" \/><\/figure>\n\n\n\n<figure class=\"wp-block-image size-large\"><img loading=\"lazy\" decoding=\"async\" width=\"683\" height=\"1024\" data-id=\"8424\" src=\"https:\/\/marine.fleygnac.fr\/wp-content\/uploads\/2023\/11\/DSC_2534-683x1024.jpg\" alt=\"\" class=\"wp-image-8424\" srcset=\"https:\/\/marine.fleygnac.fr\/wp-content\/uploads\/2023\/11\/DSC_2534-683x1024.jpg 683w, https:\/\/marine.fleygnac.fr\/wp-content\/uploads\/2023\/11\/DSC_2534-200x300.jpg 200w, https:\/\/marine.fleygnac.fr\/wp-content\/uploads\/2023\/11\/DSC_2534-768x1151.jpg 768w, https:\/\/marine.fleygnac.fr\/wp-content\/uploads\/2023\/11\/DSC_2534-1025x1536.jpg 1025w, https:\/\/marine.fleygnac.fr\/wp-content\/uploads\/2023\/11\/DSC_2534-1367x2048.jpg 1367w, https:\/\/marine.fleygnac.fr\/wp-content\/uploads\/2023\/11\/DSC_2534-500x749.jpg 500w, https:\/\/marine.fleygnac.fr\/wp-content\/uploads\/2023\/11\/DSC_2534-scaled.jpg 1709w\" sizes=\"auto, (max-width: 683px) 100vw, 683px\" \/><\/figure>\n\n\n\n<figure class=\"wp-block-image size-large\"><img loading=\"lazy\" decoding=\"async\" width=\"683\" height=\"1024\" data-id=\"8312\" src=\"https:\/\/marine.fleygnac.fr\/wp-content\/uploads\/2023\/10\/DSC_1895-683x1024.jpg\" alt=\"\" class=\"wp-image-8312\" srcset=\"https:\/\/marine.fleygnac.fr\/wp-content\/uploads\/2023\/10\/DSC_1895-683x1024.jpg 683w, https:\/\/marine.fleygnac.fr\/wp-content\/uploads\/2023\/10\/DSC_1895-200x300.jpg 200w, https:\/\/marine.fleygnac.fr\/wp-content\/uploads\/2023\/10\/DSC_1895-768x1151.jpg 768w, https:\/\/marine.fleygnac.fr\/wp-content\/uploads\/2023\/10\/DSC_1895-1025x1536.jpg 1025w, https:\/\/marine.fleygnac.fr\/wp-content\/uploads\/2023\/10\/DSC_1895-1367x2048.jpg 1367w, https:\/\/marine.fleygnac.fr\/wp-content\/uploads\/2023\/10\/DSC_1895-500x749.jpg 500w, https:\/\/marine.fleygnac.fr\/wp-content\/uploads\/2023\/10\/DSC_1895-scaled.jpg 1709w\" sizes=\"auto, (max-width: 683px) 100vw, 683px\" \/><\/figure>\n\n\n\n<figure class=\"wp-block-image size-large\"><img loading=\"lazy\" decoding=\"async\" width=\"1024\" height=\"683\" data-id=\"8410\" src=\"https:\/\/marine.fleygnac.fr\/wp-content\/uploads\/2023\/11\/DSC_5759-1-1024x683.jpg\" alt=\"\" class=\"wp-image-8410\" srcset=\"https:\/\/marine.fleygnac.fr\/wp-content\/uploads\/2023\/11\/DSC_5759-1-1024x683.jpg 1024w, https:\/\/marine.fleygnac.fr\/wp-content\/uploads\/2023\/11\/DSC_5759-1-300x200.jpg 300w, https:\/\/marine.fleygnac.fr\/wp-content\/uploads\/2023\/11\/DSC_5759-1-768x513.jpg 768w, https:\/\/marine.fleygnac.fr\/wp-content\/uploads\/2023\/11\/DSC_5759-1-1536x1025.jpg 1536w, https:\/\/marine.fleygnac.fr\/wp-content\/uploads\/2023\/11\/DSC_5759-1-2048x1367.jpg 2048w, https:\/\/marine.fleygnac.fr\/wp-content\/uploads\/2023\/11\/DSC_5759-1-600x400.jpg 600w, https:\/\/marine.fleygnac.fr\/wp-content\/uploads\/2023\/11\/DSC_5759-1-500x334.jpg 500w\" sizes=\"auto, (max-width: 1024px) 100vw, 1024px\" \/><\/figure>\n\n\n\n<figure class=\"wp-block-image size-large\"><img loading=\"lazy\" decoding=\"async\" width=\"1024\" height=\"683\" data-id=\"8451\" src=\"https:\/\/marine.fleygnac.fr\/wp-content\/uploads\/2023\/11\/DSC_7600-1024x683.jpg\" alt=\"\" class=\"wp-image-8451\" srcset=\"https:\/\/marine.fleygnac.fr\/wp-content\/uploads\/2023\/11\/DSC_7600-1024x683.jpg 1024w, https:\/\/marine.fleygnac.fr\/wp-content\/uploads\/2023\/11\/DSC_7600-300x200.jpg 300w, https:\/\/marine.fleygnac.fr\/wp-content\/uploads\/2023\/11\/DSC_7600-768x513.jpg 768w, https:\/\/marine.fleygnac.fr\/wp-content\/uploads\/2023\/11\/DSC_7600-1536x1025.jpg 1536w, https:\/\/marine.fleygnac.fr\/wp-content\/uploads\/2023\/11\/DSC_7600-2048x1367.jpg 2048w, https:\/\/marine.fleygnac.fr\/wp-content\/uploads\/2023\/11\/DSC_7600-600x400.jpg 600w, https:\/\/marine.fleygnac.fr\/wp-content\/uploads\/2023\/11\/DSC_7600-500x334.jpg 500w\" sizes=\"auto, (max-width: 1024px) 100vw, 1024px\" \/><\/figure>\n\n\n\n<figure class=\"wp-block-image size-large\"><img loading=\"lazy\" decoding=\"async\" width=\"1024\" height=\"683\" data-id=\"8425\" src=\"https:\/\/marine.fleygnac.fr\/wp-content\/uploads\/2023\/11\/DSC_2309-1024x683.jpg\" alt=\"\" class=\"wp-image-8425\" srcset=\"https:\/\/marine.fleygnac.fr\/wp-content\/uploads\/2023\/11\/DSC_2309-1024x683.jpg 1024w, https:\/\/marine.fleygnac.fr\/wp-content\/uploads\/2023\/11\/DSC_2309-300x200.jpg 300w, https:\/\/marine.fleygnac.fr\/wp-content\/uploads\/2023\/11\/DSC_2309-768x512.jpg 768w, https:\/\/marine.fleygnac.fr\/wp-content\/uploads\/2023\/11\/DSC_2309-1536x1025.jpg 1536w, https:\/\/marine.fleygnac.fr\/wp-content\/uploads\/2023\/11\/DSC_2309-2048x1367.jpg 2048w, https:\/\/marine.fleygnac.fr\/wp-content\/uploads\/2023\/11\/DSC_2309-600x400.jpg 600w, https:\/\/marine.fleygnac.fr\/wp-content\/uploads\/2023\/11\/DSC_2309-500x334.jpg 500w\" sizes=\"auto, (max-width: 1024px) 100vw, 1024px\" \/><\/figure>\n\n\n\n<figure class=\"wp-block-image size-large\"><img loading=\"lazy\" decoding=\"async\" width=\"1024\" height=\"683\" data-id=\"8447\" src=\"https:\/\/marine.fleygnac.fr\/wp-content\/uploads\/2023\/11\/DSC_7038-2-1024x683.jpg\" alt=\"\" class=\"wp-image-8447\" srcset=\"https:\/\/marine.fleygnac.fr\/wp-content\/uploads\/2023\/11\/DSC_7038-2-1024x683.jpg 1024w, https:\/\/marine.fleygnac.fr\/wp-content\/uploads\/2023\/11\/DSC_7038-2-300x200.jpg 300w, https:\/\/marine.fleygnac.fr\/wp-content\/uploads\/2023\/11\/DSC_7038-2-768x513.jpg 768w, https:\/\/marine.fleygnac.fr\/wp-content\/uploads\/2023\/11\/DSC_7038-2-1536x1025.jpg 1536w, https:\/\/marine.fleygnac.fr\/wp-content\/uploads\/2023\/11\/DSC_7038-2-2048x1367.jpg 2048w, https:\/\/marine.fleygnac.fr\/wp-content\/uploads\/2023\/11\/DSC_7038-2-600x400.jpg 600w, https:\/\/marine.fleygnac.fr\/wp-content\/uploads\/2023\/11\/DSC_7038-2-500x334.jpg 500w\" sizes=\"auto, (max-width: 1024px) 100vw, 1024px\" \/><\/figure>\n\n\n\n<figure class=\"wp-block-image size-large\"><img loading=\"lazy\" decoding=\"async\" width=\"683\" height=\"1024\" data-id=\"8450\" src=\"https:\/\/marine.fleygnac.fr\/wp-content\/uploads\/2023\/11\/DSC_7575-683x1024.jpg\" alt=\"\" class=\"wp-image-8450\" srcset=\"https:\/\/marine.fleygnac.fr\/wp-content\/uploads\/2023\/11\/DSC_7575-683x1024.jpg 683w, https:\/\/marine.fleygnac.fr\/wp-content\/uploads\/2023\/11\/DSC_7575-200x300.jpg 200w, https:\/\/marine.fleygnac.fr\/wp-content\/uploads\/2023\/11\/DSC_7575-768x1151.jpg 768w, https:\/\/marine.fleygnac.fr\/wp-content\/uploads\/2023\/11\/DSC_7575-1025x1536.jpg 1025w, https:\/\/marine.fleygnac.fr\/wp-content\/uploads\/2023\/11\/DSC_7575-1367x2048.jpg 1367w, https:\/\/marine.fleygnac.fr\/wp-content\/uploads\/2023\/11\/DSC_7575-500x749.jpg 500w, https:\/\/marine.fleygnac.fr\/wp-content\/uploads\/2023\/11\/DSC_7575-scaled.jpg 1709w\" sizes=\"auto, (max-width: 683px) 100vw, 683px\" \/><\/figure>\n\n\n\n<figure class=\"wp-block-image size-large\"><img loading=\"lazy\" decoding=\"async\" width=\"683\" height=\"1024\" data-id=\"8429\" src=\"https:\/\/marine.fleygnac.fr\/wp-content\/uploads\/2023\/11\/DSC_6667-683x1024.jpg\" alt=\"\" class=\"wp-image-8429\" srcset=\"https:\/\/marine.fleygnac.fr\/wp-content\/uploads\/2023\/11\/DSC_6667-683x1024.jpg 683w, https:\/\/marine.fleygnac.fr\/wp-content\/uploads\/2023\/11\/DSC_6667-200x300.jpg 200w, https:\/\/marine.fleygnac.fr\/wp-content\/uploads\/2023\/11\/DSC_6667-768x1151.jpg 768w, https:\/\/marine.fleygnac.fr\/wp-content\/uploads\/2023\/11\/DSC_6667-1025x1536.jpg 1025w, https:\/\/marine.fleygnac.fr\/wp-content\/uploads\/2023\/11\/DSC_6667-1367x2048.jpg 1367w, https:\/\/marine.fleygnac.fr\/wp-content\/uploads\/2023\/11\/DSC_6667-500x749.jpg 500w, https:\/\/marine.fleygnac.fr\/wp-content\/uploads\/2023\/11\/DSC_6667-scaled.jpg 1709w\" sizes=\"auto, (max-width: 683px) 100vw, 683px\" \/><\/figure>\n\n\n\n<figure class=\"wp-block-image size-large\"><img loading=\"lazy\" decoding=\"async\" width=\"683\" height=\"1024\" data-id=\"8434\" src=\"https:\/\/marine.fleygnac.fr\/wp-content\/uploads\/2023\/11\/DSC_1929-683x1024.jpg\" alt=\"\" class=\"wp-image-8434\" srcset=\"https:\/\/marine.fleygnac.fr\/wp-content\/uploads\/2023\/11\/DSC_1929-683x1024.jpg 683w, https:\/\/marine.fleygnac.fr\/wp-content\/uploads\/2023\/11\/DSC_1929-200x300.jpg 200w, https:\/\/marine.fleygnac.fr\/wp-content\/uploads\/2023\/11\/DSC_1929-768x1151.jpg 768w, https:\/\/marine.fleygnac.fr\/wp-content\/uploads\/2023\/11\/DSC_1929-1025x1536.jpg 1025w, https:\/\/marine.fleygnac.fr\/wp-content\/uploads\/2023\/11\/DSC_1929-1367x2048.jpg 1367w, https:\/\/marine.fleygnac.fr\/wp-content\/uploads\/2023\/11\/DSC_1929-500x749.jpg 500w, https:\/\/marine.fleygnac.fr\/wp-content\/uploads\/2023\/11\/DSC_1929-scaled.jpg 1709w\" sizes=\"auto, (max-width: 683px) 100vw, 683px\" \/><\/figure>\n\n\n\n<figure class=\"wp-block-image size-large\"><img loading=\"lazy\" decoding=\"async\" width=\"683\" height=\"1024\" data-id=\"8443\" src=\"https:\/\/marine.fleygnac.fr\/wp-content\/uploads\/2023\/11\/DSC_6386-683x1024.jpg\" alt=\"\" class=\"wp-image-8443\" srcset=\"https:\/\/marine.fleygnac.fr\/wp-content\/uploads\/2023\/11\/DSC_6386-683x1024.jpg 683w, https:\/\/marine.fleygnac.fr\/wp-content\/uploads\/2023\/11\/DSC_6386-200x300.jpg 200w, https:\/\/marine.fleygnac.fr\/wp-content\/uploads\/2023\/11\/DSC_6386-768x1151.jpg 768w, https:\/\/marine.fleygnac.fr\/wp-content\/uploads\/2023\/11\/DSC_6386-1025x1536.jpg 1025w, https:\/\/marine.fleygnac.fr\/wp-content\/uploads\/2023\/11\/DSC_6386-1367x2048.jpg 1367w, https:\/\/marine.fleygnac.fr\/wp-content\/uploads\/2023\/11\/DSC_6386-500x749.jpg 500w, https:\/\/marine.fleygnac.fr\/wp-content\/uploads\/2023\/11\/DSC_6386-scaled.jpg 1709w\" sizes=\"auto, (max-width: 683px) 100vw, 683px\" \/><\/figure>\n\n\n\n<figure class=\"wp-block-image size-large\"><img loading=\"lazy\" decoding=\"async\" width=\"683\" height=\"1024\" data-id=\"8438\" src=\"https:\/\/marine.fleygnac.fr\/wp-content\/uploads\/2023\/11\/DSC_2578-683x1024.jpg\" alt=\"\" class=\"wp-image-8438\" srcset=\"https:\/\/marine.fleygnac.fr\/wp-content\/uploads\/2023\/11\/DSC_2578-683x1024.jpg 683w, https:\/\/marine.fleygnac.fr\/wp-content\/uploads\/2023\/11\/DSC_2578-200x300.jpg 200w, https:\/\/marine.fleygnac.fr\/wp-content\/uploads\/2023\/11\/DSC_2578-768x1151.jpg 768w, https:\/\/marine.fleygnac.fr\/wp-content\/uploads\/2023\/11\/DSC_2578-1025x1536.jpg 1025w, https:\/\/marine.fleygnac.fr\/wp-content\/uploads\/2023\/11\/DSC_2578-1367x2048.jpg 1367w, https:\/\/marine.fleygnac.fr\/wp-content\/uploads\/2023\/11\/DSC_2578-500x749.jpg 500w, https:\/\/marine.fleygnac.fr\/wp-content\/uploads\/2023\/11\/DSC_2578-scaled.jpg 1708w\" sizes=\"auto, (max-width: 683px) 100vw, 683px\" \/><\/figure>\n\n\n\n<figure class=\"wp-block-image size-large\"><img loading=\"lazy\" decoding=\"async\" width=\"683\" height=\"1024\" data-id=\"8441\" src=\"https:\/\/marine.fleygnac.fr\/wp-content\/uploads\/2023\/11\/DSC_6379-683x1024.jpg\" alt=\"\" class=\"wp-image-8441\" srcset=\"https:\/\/marine.fleygnac.fr\/wp-content\/uploads\/2023\/11\/DSC_6379-683x1024.jpg 683w, https:\/\/marine.fleygnac.fr\/wp-content\/uploads\/2023\/11\/DSC_6379-200x300.jpg 200w, https:\/\/marine.fleygnac.fr\/wp-content\/uploads\/2023\/11\/DSC_6379-768x1151.jpg 768w, https:\/\/marine.fleygnac.fr\/wp-content\/uploads\/2023\/11\/DSC_6379-1025x1536.jpg 1025w, https:\/\/marine.fleygnac.fr\/wp-content\/uploads\/2023\/11\/DSC_6379-1367x2048.jpg 1367w, https:\/\/marine.fleygnac.fr\/wp-content\/uploads\/2023\/11\/DSC_6379-500x749.jpg 500w, https:\/\/marine.fleygnac.fr\/wp-content\/uploads\/2023\/11\/DSC_6379-scaled.jpg 1709w\" sizes=\"auto, (max-width: 683px) 100vw, 683px\" \/><\/figure>\n\n\n\n<figure class=\"wp-block-image size-large\"><img loading=\"lazy\" decoding=\"async\" width=\"683\" height=\"1024\" data-id=\"8448\" src=\"https:\/\/marine.fleygnac.fr\/wp-content\/uploads\/2023\/11\/DSC_6638-683x1024.jpg\" alt=\"\" class=\"wp-image-8448\" srcset=\"https:\/\/marine.fleygnac.fr\/wp-content\/uploads\/2023\/11\/DSC_6638-683x1024.jpg 683w, https:\/\/marine.fleygnac.fr\/wp-content\/uploads\/2023\/11\/DSC_6638-200x300.jpg 200w, https:\/\/marine.fleygnac.fr\/wp-content\/uploads\/2023\/11\/DSC_6638-768x1151.jpg 768w, https:\/\/marine.fleygnac.fr\/wp-content\/uploads\/2023\/11\/DSC_6638-1025x1536.jpg 1025w, https:\/\/marine.fleygnac.fr\/wp-content\/uploads\/2023\/11\/DSC_6638-1367x2048.jpg 1367w, https:\/\/marine.fleygnac.fr\/wp-content\/uploads\/2023\/11\/DSC_6638-500x749.jpg 500w, https:\/\/marine.fleygnac.fr\/wp-content\/uploads\/2023\/11\/DSC_6638-scaled.jpg 1709w\" sizes=\"auto, (max-width: 683px) 100vw, 683px\" \/><\/figure>\n\n\n\n<figure class=\"wp-block-image size-large\"><img loading=\"lazy\" decoding=\"async\" width=\"683\" height=\"1024\" data-id=\"8449\" src=\"https:\/\/marine.fleygnac.fr\/wp-content\/uploads\/2023\/11\/DSC_7542-683x1024.jpg\" alt=\"\" class=\"wp-image-8449\" srcset=\"https:\/\/marine.fleygnac.fr\/wp-content\/uploads\/2023\/11\/DSC_7542-683x1024.jpg 683w, https:\/\/marine.fleygnac.fr\/wp-content\/uploads\/2023\/11\/DSC_7542-200x300.jpg 200w, https:\/\/marine.fleygnac.fr\/wp-content\/uploads\/2023\/11\/DSC_7542-768x1151.jpg 768w, https:\/\/marine.fleygnac.fr\/wp-content\/uploads\/2023\/11\/DSC_7542-1025x1536.jpg 1025w, https:\/\/marine.fleygnac.fr\/wp-content\/uploads\/2023\/11\/DSC_7542-1367x2048.jpg 1367w, https:\/\/marine.fleygnac.fr\/wp-content\/uploads\/2023\/11\/DSC_7542-500x749.jpg 500w, https:\/\/marine.fleygnac.fr\/wp-content\/uploads\/2023\/11\/DSC_7542-scaled.jpg 1709w\" sizes=\"auto, (max-width: 683px) 100vw, 683px\" \/><\/figure>\n\n\n\n<figure class=\"wp-block-image size-large\"><img loading=\"lazy\" decoding=\"async\" width=\"683\" height=\"1024\" data-id=\"8477\" src=\"https:\/\/marine.fleygnac.fr\/wp-content\/uploads\/2024\/06\/DSC_8932-683x1024.jpg\" alt=\"\" class=\"wp-image-8477\" srcset=\"https:\/\/marine.fleygnac.fr\/wp-content\/uploads\/2024\/06\/DSC_8932-683x1024.jpg 683w, https:\/\/marine.fleygnac.fr\/wp-content\/uploads\/2024\/06\/DSC_8932-200x300.jpg 200w, https:\/\/marine.fleygnac.fr\/wp-content\/uploads\/2024\/06\/DSC_8932-768x1151.jpg 768w, https:\/\/marine.fleygnac.fr\/wp-content\/uploads\/2024\/06\/DSC_8932-1025x1536.jpg 1025w, https:\/\/marine.fleygnac.fr\/wp-content\/uploads\/2024\/06\/DSC_8932-1367x2048.jpg 1367w, https:\/\/marine.fleygnac.fr\/wp-content\/uploads\/2024\/06\/DSC_8932-500x749.jpg 500w, https:\/\/marine.fleygnac.fr\/wp-content\/uploads\/2024\/06\/DSC_8932-scaled.jpg 1708w\" sizes=\"auto, (max-width: 683px) 100vw, 683px\" \/><\/figure>\n\n\n\n<figure class=\"wp-block-image size-large\"><img loading=\"lazy\" decoding=\"async\" width=\"683\" height=\"1024\" data-id=\"8487\" src=\"https:\/\/marine.fleygnac.fr\/wp-content\/uploads\/2024\/06\/DSC_9278-683x1024.jpg\" alt=\"\" class=\"wp-image-8487\" srcset=\"https:\/\/marine.fleygnac.fr\/wp-content\/uploads\/2024\/06\/DSC_9278-683x1024.jpg 683w, https:\/\/marine.fleygnac.fr\/wp-content\/uploads\/2024\/06\/DSC_9278-200x300.jpg 200w, https:\/\/marine.fleygnac.fr\/wp-content\/uploads\/2024\/06\/DSC_9278-768x1151.jpg 768w, https:\/\/marine.fleygnac.fr\/wp-content\/uploads\/2024\/06\/DSC_9278-1025x1536.jpg 1025w, https:\/\/marine.fleygnac.fr\/wp-content\/uploads\/2024\/06\/DSC_9278-1367x2048.jpg 1367w, https:\/\/marine.fleygnac.fr\/wp-content\/uploads\/2024\/06\/DSC_9278-500x749.jpg 500w, https:\/\/marine.fleygnac.fr\/wp-content\/uploads\/2024\/06\/DSC_9278-scaled.jpg 1709w\" sizes=\"auto, (max-width: 683px) 100vw, 683px\" \/><\/figure>\n\n\n\n<figure class=\"wp-block-image size-large\"><img loading=\"lazy\" decoding=\"async\" width=\"683\" height=\"1024\" data-id=\"8488\" src=\"https:\/\/marine.fleygnac.fr\/wp-content\/uploads\/2024\/06\/DSC_6180-683x1024.jpg\" alt=\"\" class=\"wp-image-8488\" srcset=\"https:\/\/marine.fleygnac.fr\/wp-content\/uploads\/2024\/06\/DSC_6180-683x1024.jpg 683w, https:\/\/marine.fleygnac.fr\/wp-content\/uploads\/2024\/06\/DSC_6180-200x300.jpg 200w, https:\/\/marine.fleygnac.fr\/wp-content\/uploads\/2024\/06\/DSC_6180-768x1151.jpg 768w, https:\/\/marine.fleygnac.fr\/wp-content\/uploads\/2024\/06\/DSC_6180-1025x1536.jpg 1025w, https:\/\/marine.fleygnac.fr\/wp-content\/uploads\/2024\/06\/DSC_6180-1367x2048.jpg 1367w, https:\/\/marine.fleygnac.fr\/wp-content\/uploads\/2024\/06\/DSC_6180-500x749.jpg 500w, https:\/\/marine.fleygnac.fr\/wp-content\/uploads\/2024\/06\/DSC_6180-scaled.jpg 1709w\" sizes=\"auto, (max-width: 683px) 100vw, 683px\" \/><\/figure>\n<\/figure>\n","protected":false},"excerpt":{"rendered":"<p>Photographe de mariage \u00e0 Tours et partout ailleurs Photographe de mariage \u00e0 Tours et partout en France, j&rsquo;ai eu la joie d&rsquo;accompagner plus d&rsquo;une centaine de couples lors de cette belle journ\u00e9e pleine d&rsquo;\u00e9motions. Depuis plus de 10 ans en Indre et Loire, je photographie le plus beau jour de votre vie. Voici mon porfolio &#8230;<\/p>\n","protected":false},"author":3,"featured_media":8311,"parent":6674,"menu_order":1,"comment_status":"closed","ping_status":"closed","template":"","meta":{"footnotes":""},"class_list":["post-8151","page","type-page","status-publish","has-post-thumbnail","hentry"],"yoast_head":"<!-- This site is optimized with the Yoast SEO plugin v26.8 - https:\/\/yoast.com\/product\/yoast-seo-wordpress\/ -->\n<title>Galerie mariages - Marine Fleygnac<\/title>\n<meta name=\"description\" content=\"Photographe \u00e0 Tours, je me d\u00e9place partout pour vos belles journ\u00e9es de mariage. Contactez moi et je vous r\u00e9digerai un devis personnalis\u00e9.\" \/>\n<meta name=\"robots\" content=\"index, follow, max-snippet:-1, max-image-preview:large, max-video-preview:-1\" \/>\n<link rel=\"canonical\" href=\"https:\/\/marine.fleygnac.fr\/index.php\/photographe-a-tours\/mariages\/\" \/>\n<meta property=\"og:locale\" content=\"fr_FR\" \/>\n<meta property=\"og:type\" content=\"article\" \/>\n<meta property=\"og:title\" content=\"Galerie mariages - Marine Fleygnac\" \/>\n<meta property=\"og:description\" content=\"Photographe \u00e0 Tours, je me d\u00e9place partout pour vos belles journ\u00e9es de mariage. Contactez moi et je vous r\u00e9digerai un devis personnalis\u00e9.\" \/>\n<meta property=\"og:url\" content=\"https:\/\/marine.fleygnac.fr\/index.php\/photographe-a-tours\/mariages\/\" \/>\n<meta property=\"og:site_name\" content=\"Marine Fleygnac\" \/>\n<meta property=\"article:modified_time\" content=\"2024-08-06T10:32:53+00:00\" \/>\n<meta property=\"og:image\" content=\"https:\/\/marine.fleygnac.fr\/wp-content\/uploads\/2021\/11\/DSC_4200-scaled.jpg\" \/>\n\t<meta property=\"og:image:width\" content=\"2560\" \/>\n\t<meta property=\"og:image:height\" content=\"1709\" \/>\n\t<meta property=\"og:image:type\" content=\"image\/jpeg\" \/>\n<meta name=\"twitter:card\" content=\"summary_large_image\" \/>\n<meta name=\"twitter:label1\" content=\"Dur\u00e9e de lecture estim\u00e9e\" \/>\n\t<meta name=\"twitter:data1\" content=\"14 minutes\" \/>\n<script type=\"application\/ld+json\" class=\"yoast-schema-graph\">{\"@context\":\"https:\/\/schema.org\",\"@graph\":[{\"@type\":\"WebPage\",\"@id\":\"https:\/\/marine.fleygnac.fr\/index.php\/photographe-a-tours\/mariages\/\",\"url\":\"https:\/\/marine.fleygnac.fr\/index.php\/photographe-a-tours\/mariages\/\",\"name\":\"Galerie mariages - Marine Fleygnac\",\"isPartOf\":{\"@id\":\"https:\/\/marine.fleygnac.fr\/#website\"},\"primaryImageOfPage\":{\"@id\":\"https:\/\/marine.fleygnac.fr\/index.php\/photographe-a-tours\/mariages\/#primaryimage\"},\"image\":{\"@id\":\"https:\/\/marine.fleygnac.fr\/index.php\/photographe-a-tours\/mariages\/#primaryimage\"},\"thumbnailUrl\":\"https:\/\/marine.fleygnac.fr\/wp-content\/uploads\/2023\/10\/DSC_1872-scaled.jpg\",\"datePublished\":\"2021-11-07T09:45:01+00:00\",\"dateModified\":\"2024-08-06T10:32:53+00:00\",\"description\":\"Photographe \u00e0 Tours, je me d\u00e9place partout pour vos belles journ\u00e9es de mariage. Contactez moi et je vous r\u00e9digerai un devis personnalis\u00e9.\",\"breadcrumb\":{\"@id\":\"https:\/\/marine.fleygnac.fr\/index.php\/photographe-a-tours\/mariages\/#breadcrumb\"},\"inLanguage\":\"fr-FR\",\"potentialAction\":[{\"@type\":\"ReadAction\",\"target\":[\"https:\/\/marine.fleygnac.fr\/index.php\/photographe-a-tours\/mariages\/\"]}]},{\"@type\":\"ImageObject\",\"inLanguage\":\"fr-FR\",\"@id\":\"https:\/\/marine.fleygnac.fr\/index.php\/photographe-a-tours\/mariages\/#primaryimage\",\"url\":\"https:\/\/marine.fleygnac.fr\/wp-content\/uploads\/2023\/10\/DSC_1872-scaled.jpg\",\"contentUrl\":\"https:\/\/marine.fleygnac.fr\/wp-content\/uploads\/2023\/10\/DSC_1872-scaled.jpg\",\"width\":2560,\"height\":1709},{\"@type\":\"BreadcrumbList\",\"@id\":\"https:\/\/marine.fleygnac.fr\/index.php\/photographe-a-tours\/mariages\/#breadcrumb\",\"itemListElement\":[{\"@type\":\"ListItem\",\"position\":1,\"name\":\"Accueil\",\"item\":\"https:\/\/marine.fleygnac.fr\/\"},{\"@type\":\"ListItem\",\"position\":2,\"name\":\"Marine Fleygnac, Photographe de mariages \u00e0 Tours\",\"item\":\"https:\/\/marine.fleygnac.fr\/\"},{\"@type\":\"ListItem\",\"position\":3,\"name\":\"Galerie mariages\"}]},{\"@type\":\"WebSite\",\"@id\":\"https:\/\/marine.fleygnac.fr\/#website\",\"url\":\"https:\/\/marine.fleygnac.fr\/\",\"name\":\"Marine Fleygnac\",\"description\":\"\",\"publisher\":{\"@id\":\"https:\/\/marine.fleygnac.fr\/#\/schema\/person\/34f501548c28933ea5864348c49ce548\"},\"potentialAction\":[{\"@type\":\"SearchAction\",\"target\":{\"@type\":\"EntryPoint\",\"urlTemplate\":\"https:\/\/marine.fleygnac.fr\/?s={search_term_string}\"},\"query-input\":{\"@type\":\"PropertyValueSpecification\",\"valueRequired\":true,\"valueName\":\"search_term_string\"}}],\"inLanguage\":\"fr-FR\"},{\"@type\":[\"Person\",\"Organization\"],\"@id\":\"https:\/\/marine.fleygnac.fr\/#\/schema\/person\/34f501548c28933ea5864348c49ce548\",\"name\":\"Marine Fleygnac\",\"logo\":{\"@id\":\"https:\/\/marine.fleygnac.fr\/#\/schema\/person\/image\/\"},\"sameAs\":[\"http:\/\/marine.fleygnac.fr\/\"]}]}<\/script>\n<!-- \/ Yoast SEO plugin. -->","yoast_head_json":{"title":"Galerie mariages - Marine Fleygnac","description":"Photographe \u00e0 Tours, je me d\u00e9place partout pour vos belles journ\u00e9es de mariage. Contactez moi et je vous r\u00e9digerai un devis personnalis\u00e9.","robots":{"index":"index","follow":"follow","max-snippet":"max-snippet:-1","max-image-preview":"max-image-preview:large","max-video-preview":"max-video-preview:-1"},"canonical":"https:\/\/marine.fleygnac.fr\/index.php\/photographe-a-tours\/mariages\/","og_locale":"fr_FR","og_type":"article","og_title":"Galerie mariages - Marine Fleygnac","og_description":"Photographe \u00e0 Tours, je me d\u00e9place partout pour vos belles journ\u00e9es de mariage. Contactez moi et je vous r\u00e9digerai un devis personnalis\u00e9.","og_url":"https:\/\/marine.fleygnac.fr\/index.php\/photographe-a-tours\/mariages\/","og_site_name":"Marine Fleygnac","article_modified_time":"2024-08-06T10:32:53+00:00","og_image":[{"width":2560,"height":1709,"url":"https:\/\/marine.fleygnac.fr\/wp-content\/uploads\/2021\/11\/DSC_4200-scaled.jpg","type":"image\/jpeg"}],"twitter_card":"summary_large_image","twitter_misc":{"Dur\u00e9e de lecture estim\u00e9e":"14 minutes"},"schema":{"@context":"https:\/\/schema.org","@graph":[{"@type":"WebPage","@id":"https:\/\/marine.fleygnac.fr\/index.php\/photographe-a-tours\/mariages\/","url":"https:\/\/marine.fleygnac.fr\/index.php\/photographe-a-tours\/mariages\/","name":"Galerie mariages - Marine Fleygnac","isPartOf":{"@id":"https:\/\/marine.fleygnac.fr\/#website"},"primaryImageOfPage":{"@id":"https:\/\/marine.fleygnac.fr\/index.php\/photographe-a-tours\/mariages\/#primaryimage"},"image":{"@id":"https:\/\/marine.fleygnac.fr\/index.php\/photographe-a-tours\/mariages\/#primaryimage"},"thumbnailUrl":"https:\/\/marine.fleygnac.fr\/wp-content\/uploads\/2023\/10\/DSC_1872-scaled.jpg","datePublished":"2021-11-07T09:45:01+00:00","dateModified":"2024-08-06T10:32:53+00:00","description":"Photographe \u00e0 Tours, je me d\u00e9place partout pour vos belles journ\u00e9es de mariage. Contactez moi et je vous r\u00e9digerai un devis personnalis\u00e9.","breadcrumb":{"@id":"https:\/\/marine.fleygnac.fr\/index.php\/photographe-a-tours\/mariages\/#breadcrumb"},"inLanguage":"fr-FR","potentialAction":[{"@type":"ReadAction","target":["https:\/\/marine.fleygnac.fr\/index.php\/photographe-a-tours\/mariages\/"]}]},{"@type":"ImageObject","inLanguage":"fr-FR","@id":"https:\/\/marine.fleygnac.fr\/index.php\/photographe-a-tours\/mariages\/#primaryimage","url":"https:\/\/marine.fleygnac.fr\/wp-content\/uploads\/2023\/10\/DSC_1872-scaled.jpg","contentUrl":"https:\/\/marine.fleygnac.fr\/wp-content\/uploads\/2023\/10\/DSC_1872-scaled.jpg","width":2560,"height":1709},{"@type":"BreadcrumbList","@id":"https:\/\/marine.fleygnac.fr\/index.php\/photographe-a-tours\/mariages\/#breadcrumb","itemListElement":[{"@type":"ListItem","position":1,"name":"Accueil","item":"https:\/\/marine.fleygnac.fr\/"},{"@type":"ListItem","position":2,"name":"Marine Fleygnac, Photographe de mariages \u00e0 Tours","item":"https:\/\/marine.fleygnac.fr\/"},{"@type":"ListItem","position":3,"name":"Galerie mariages"}]},{"@type":"WebSite","@id":"https:\/\/marine.fleygnac.fr\/#website","url":"https:\/\/marine.fleygnac.fr\/","name":"Marine Fleygnac","description":"","publisher":{"@id":"https:\/\/marine.fleygnac.fr\/#\/schema\/person\/34f501548c28933ea5864348c49ce548"},"potentialAction":[{"@type":"SearchAction","target":{"@type":"EntryPoint","urlTemplate":"https:\/\/marine.fleygnac.fr\/?s={search_term_string}"},"query-input":{"@type":"PropertyValueSpecification","valueRequired":true,"valueName":"search_term_string"}}],"inLanguage":"fr-FR"},{"@type":["Person","Organization"],"@id":"https:\/\/marine.fleygnac.fr\/#\/schema\/person\/34f501548c28933ea5864348c49ce548","name":"Marine Fleygnac","logo":{"@id":"https:\/\/marine.fleygnac.fr\/#\/schema\/person\/image\/"},"sameAs":["http:\/\/marine.fleygnac.fr\/"]}]}},"_links":{"self":[{"href":"https:\/\/marine.fleygnac.fr\/index.php\/wp-json\/wp\/v2\/pages\/8151","targetHints":{"allow":["GET"]}}],"collection":[{"href":"https:\/\/marine.fleygnac.fr\/index.php\/wp-json\/wp\/v2\/pages"}],"about":[{"href":"https:\/\/marine.fleygnac.fr\/index.php\/wp-json\/wp\/v2\/types\/page"}],"author":[{"embeddable":true,"href":"https:\/\/marine.fleygnac.fr\/index.php\/wp-json\/wp\/v2\/users\/3"}],"replies":[{"embeddable":true,"href":"https:\/\/marine.fleygnac.fr\/index.php\/wp-json\/wp\/v2\/comments?post=8151"}],"version-history":[{"count":23,"href":"https:\/\/marine.fleygnac.fr\/index.php\/wp-json\/wp\/v2\/pages\/8151\/revisions"}],"predecessor-version":[{"id":8613,"href":"https:\/\/marine.fleygnac.fr\/index.php\/wp-json\/wp\/v2\/pages\/8151\/revisions\/8613"}],"up":[{"embeddable":true,"href":"https:\/\/marine.fleygnac.fr\/index.php\/wp-json\/wp\/v2\/pages\/6674"}],"wp:featuredmedia":[{"embeddable":true,"href":"https:\/\/marine.fleygnac.fr\/index.php\/wp-json\/wp\/v2\/media\/8311"}],"wp:attachment":[{"href":"https:\/\/marine.fleygnac.fr\/index.php\/wp-json\/wp\/v2\/media?parent=8151"}],"curies":[{"name":"wp","href":"https:\/\/api.w.org\/{rel}","templated":true}]}}