{"id":7237,"date":"2020-11-19T15:45:06","date_gmt":"2020-11-19T14:45:06","guid":{"rendered":"http:\/\/marine.fleygnac.fr\/?page_id=7237"},"modified":"2025-10-02T11:52:03","modified_gmt":"2025-10-02T09:52:03","slug":"tarifs","status":"publish","type":"page","link":"https:\/\/marine.fleygnac.fr\/index.php\/tarifs\/","title":{"rendered":"Tarifs"},"content":{"rendered":"<p>[vc_row full_width=\u00a0\u00bbstretch_row\u00a0\u00bb equal_height=\u00a0\u00bbyes\u00a0\u00bb content_placement=\u00a0\u00bbmiddle\u00a0\u00bb css_animation=\u00a0\u00bbnone\u00a0\u00bb enable_ovarlay=\u00a0\u00bbtrue\u00a0\u00bb desctop_lg_pt=\u00a0\u00bbpadding-lg-65t\u00a0\u00bb desctop_lg_pb=\u00a0\u00bbpadding-lg-100b\u00a0\u00bb tablets_pt=\u00a0\u00bbpadding-sm-25t\u00a0\u00bb tablets_pb=\u00a0\u00bbpadding-sm-60b\u00a0\u00bb][vc_column width=\u00a0\u00bb1\/2&Prime; css=\u00a0\u00bb.vc_custom_1605789951016{margin-top: 1px !important;}\u00a0\u00bb][vc_separator][vc_pricing subtitle=\u00a0\u00bbServices\u00a0\u00bb title=\u00a0\u00bbMariage\u00a0\u00bb button=\u00a0\u00bburl:http%3A%2F%2Fmarine.fleygnac.fr%2Findex.php%2Fme-contacter%2F|title:Me%20contacter\u00a0\u00bb]<\/p>\n<ul>\n<li><strong>Forfait simplicit\u00e9<\/strong> \u00e0 900 euros : C\u00e9r\u00e9monies, photos de couple et groupes, plus cocktail. Un folio 3 images (+cl\u00e9 usb).<\/li>\n<li><strong>Forfait journ\u00e9e<\/strong> \u00e0 1200 euros : Pr\u00e9paratifs, c\u00e9r\u00e9monies, photos de couple et groupes et cocktail. Bo\u00eete de pr\u00e9sentation en bois personnalis\u00e9e (17\/17cm) contenant la cl\u00e9 usb et 50 tirages.<\/li>\n<li><strong>Forfait soir\u00e9e<\/strong> \u00e0 1600 euros : Toute la journ\u00e9e, des pr\u00e9paratifs jusqu\u2019\u00e0 l\u2019ouverture du bal. Un livre de mariage format 20\/25 60 pages et une boite de pr\u00e9sentation en bois personnalis\u00e9e (17\/17cm) contenant la cl\u00e9 usb et 50 tirages.<\/li>\n<li><strong>Forfait luxe<\/strong> \u00e0 2000 euros : Toute la journ\u00e9e des pr\u00e9paratifs \u00e0 l\u2019ouverture du bal, une s\u00e9ance couple avant ou apr\u00e8s le mariage, un livre format A4 60 pages, une boite de pr\u00e9sentation contenant la cl\u00e9 usb et 100 tirages.<\/li>\n<\/ul>\n<p>&#8211; Sur Mesure<br \/>\n<strong>Si les forfaits ci dessus ne conviennent pas parfaitement \u00e0 votre demande, je serais ravie de vous faire un devis personnalis\u00e9.<\/strong><\/p>\n<p><img loading=\"lazy\" decoding=\"async\" class=\"aligncenter wp-image-6548 size-medium\" src=\"https:\/\/marine.fleygnac.fr\/wp-content\/uploads\/2020\/10\/dsc_0273-2-300x200.jpg\" alt=\"\" width=\"300\" height=\"200\" srcset=\"https:\/\/marine.fleygnac.fr\/wp-content\/uploads\/2020\/10\/dsc_0273-2-300x200.jpg 300w, https:\/\/marine.fleygnac.fr\/wp-content\/uploads\/2020\/10\/dsc_0273-2-1024x683.jpg 1024w, https:\/\/marine.fleygnac.fr\/wp-content\/uploads\/2020\/10\/dsc_0273-2-768x513.jpg 768w, https:\/\/marine.fleygnac.fr\/wp-content\/uploads\/2020\/10\/dsc_0273-2-1536x1025.jpg 1536w, https:\/\/marine.fleygnac.fr\/wp-content\/uploads\/2020\/10\/dsc_0273-2-2048x1367.jpg 2048w, https:\/\/marine.fleygnac.fr\/wp-content\/uploads\/2020\/10\/dsc_0273-2-600x400.jpg 600w, https:\/\/marine.fleygnac.fr\/wp-content\/uploads\/2020\/10\/dsc_0273-2-500x334.jpg 500w\" sizes=\"auto, (max-width: 300px) 100vw, 300px\" \/>[\/vc_pricing][vc_message]<em>Dans toutes ces prestations, sont compris les rendez vous pr\u00e9paratoires, le temps pass\u00e9 sur les lieux du mariage, le temps de tri et de traitement des images, la livraison des images haute qualit\u00e9 sur cl\u00e9 USB. La mise en place d\u2019une galerie priv\u00e9e en ligne contenant une s\u00e9lection de photos pour faciliter le partage avec les invit\u00e9s.<\/em><\/p>\n<p><em>La livraison des images se fait sous 2 mois environ. Le d\u00e9lai pour un livre de mariage est de 2 \u00e0 3 mois selon la p\u00e9riode.<\/em><\/p>\n<p><em>Pour chaque forfait, je retravaille toutes les images que je vous livre en haute qualit\u00e9. Le nombre d\u2019images livr\u00e9 d\u00e9pend du forfait choisi, entre 400 et 800 images environ.<\/em>[\/vc_message][\/vc_column][vc_column width=\u00a0\u00bb1\/2&Prime;][vc_empty_space height=\u00a0\u00bb75px\u00a0\u00bb][vc_separator][vc_pricing subtitle=\u00a0\u00bbServices\u00a0\u00bb title=\u00a0\u00bbShootings\u00a0\u00bb button=\u00a0\u00bburl:http%3A%2F%2Fmarine.fleygnac.fr%2Findex.php%2Fme-contacter%2F|title:Me%20contacter\u00a0\u00bb]<\/p>\n<ul>\n<li><strong><span style=\"color: #333333;\">\u00ab\u00a0EVJF\u00a0\u00bb<\/span>\u00a0<\/strong>&#8211; S\u00e9ance d&rsquo;une dur\u00e9e d&rsquo;une heure maximum. Dans le lieu de votre choix, dans les environs de Tours. &#8211; <strong>150 \u20ac<\/strong> (nombre de photos illimit\u00e9, jusqu&rsquo;\u00e0 12 personnes, galerie en ligne) Forfait adaptable au besoin.<\/li>\n<\/ul>\n<p>&nbsp;<\/p>\n<ul>\n<li><span style=\"color: #333333;\"><strong>\u00ab\u00a0<\/strong><\/span><strong>S\u00e9ance photos de famille\u00a0\u00bb<\/strong>\u00a045 minutes environ. 20 images minimum\u00a0 &#8211; <strong>120 \u20ac <\/strong>(150\u20ac avec les tirages 10\/15 cm)<\/li>\n<\/ul>\n<p>&nbsp;<\/p>\n<ul>\n<li><span style=\"color: #333333;\"><strong>\u00ab\u00a0Engagement\/couple\u00a0\u00bb<\/strong><\/span> &#8211; S\u00e9ance d\u2019une dur\u00e9e d\u2019une \u00e0 deux heures, avec changements de tenues, diff\u00e9rents lieux possibles, 15 images minimum. &#8211; <strong>150 euros<\/strong><\/li>\n<\/ul>\n<p>&nbsp;<\/p>\n<ul>\n<li><strong><span style=\"color: #333333;\">\u00ab\u00a0Future<strong> Maman\u00a0\u00bb<\/strong><\/span>: \u00a015 images et 15 tirages &#8211; 200<strong> \u20ac <\/strong><\/strong>(s\u00e9ance \u00e0 votre domicile avec mon mat\u00e9riel de studio, la future Maman peut \u00eatre accompagn\u00e9e du Papa et des enfants)<\/li>\n<\/ul>\n<ul>\n<li><span style=\"color: #333333;\"><strong>\u00ab\u00a0Boudoir couple ou solo\u00a0\u00bb<\/strong><\/span> &#8211; S\u00e9ance de 2h, chez vous avec \u00e9clairages et fonds de studio, 20 images retouch\u00e9es haute qualit\u00e9 &#8211; <strong>300 \u20ac\u00a0<\/strong><\/li>\n<\/ul>\n<p>[\/vc_pricing][vc_pricing subtitle=\u00a0\u00bbServices\u00a0\u00bb title=\u00a0\u00bbImmobilier\/culinaire\u00a0\u00bb button=\u00a0\u00bburl:http%3A%2F%2Fmarine.fleygnac.fr%2Findex.php%2Fme-contacter%2F|title:Me%20contacter\u00a0\u00bb]<span style=\"color: #000000;\"><strong>Immobilier\u00a0<\/strong><\/span><\/p>\n<ul>\n<li><span style=\"color: #000000;\"><span style=\"color: #333333;\">Forfait 15 images HDR<\/span> &#8211;<strong>75 euros<\/strong><\/span><\/li>\n<li><span style=\"color: #000000;\"><span style=\"color: #333333;\">Forfait 25 images HDR<\/span> &#8211;<strong>120 euros<\/strong><\/span><\/li>\n<\/ul>\n<p><span style=\"color: #000000;\"><strong>Culinaire<\/strong><\/span><\/p>\n<ul>\n<li><span style=\"color: #000000;\"><span style=\"color: #333333;\">Forfait 10 plats\/30 minutes\u00a0<\/span> &#8211;<strong>10<\/strong><strong>0 euros<\/strong><\/span><\/li>\n<li><span style=\"color: #000000;\"><span style=\"color: #333333;\">Forfait 15 plats\/1 heure<\/span> &#8211; <strong>130 euros<\/strong><\/span><\/li>\n<\/ul>\n<p><img loading=\"lazy\" decoding=\"async\" class=\"aligncenter wp-image-6536 size-thumbnail\" src=\"https:\/\/marine.fleygnac.fr\/wp-content\/uploads\/2020\/10\/DSC_3492-150x150.jpg\" alt=\"\" width=\"150\" height=\"150\" srcset=\"https:\/\/marine.fleygnac.fr\/wp-content\/uploads\/2020\/10\/DSC_3492-150x150.jpg 150w, https:\/\/marine.fleygnac.fr\/wp-content\/uploads\/2020\/10\/DSC_3492-600x600.jpg 600w, https:\/\/marine.fleygnac.fr\/wp-content\/uploads\/2020\/10\/DSC_3492-500x500.jpg 500w, https:\/\/marine.fleygnac.fr\/wp-content\/uploads\/2020\/10\/DSC_3492-1000x1000.jpg 1000w, https:\/\/marine.fleygnac.fr\/wp-content\/uploads\/2020\/10\/DSC_3492-300x300.jpg 300w, https:\/\/marine.fleygnac.fr\/wp-content\/uploads\/2020\/10\/DSC_3492-100x100.jpg 100w\" sizes=\"auto, (max-width: 150px) 100vw, 150px\" \/><img loading=\"lazy\" decoding=\"async\" class=\"alignleft wp-image-6564 size-thumbnail\" src=\"https:\/\/marine.fleygnac.fr\/wp-content\/uploads\/2020\/10\/dsc_2156-150x150.jpg\" alt=\"\" width=\"150\" height=\"150\" srcset=\"https:\/\/marine.fleygnac.fr\/wp-content\/uploads\/2020\/10\/dsc_2156-150x150.jpg 150w, https:\/\/marine.fleygnac.fr\/wp-content\/uploads\/2020\/10\/dsc_2156-600x600.jpg 600w, https:\/\/marine.fleygnac.fr\/wp-content\/uploads\/2020\/10\/dsc_2156-500x500.jpg 500w, https:\/\/marine.fleygnac.fr\/wp-content\/uploads\/2020\/10\/dsc_2156-1000x1000.jpg 1000w, https:\/\/marine.fleygnac.fr\/wp-content\/uploads\/2020\/10\/dsc_2156-300x300.jpg 300w, https:\/\/marine.fleygnac.fr\/wp-content\/uploads\/2020\/10\/dsc_2156-100x100.jpg 100w\" sizes=\"auto, (max-width: 150px) 100vw, 150px\" \/>[\/vc_pricing][\/vc_column][\/vc_row]<\/p>\n","protected":false},"excerpt":{"rendered":"<p>[vc_row full_width=\u00a0\u00bbstretch_row\u00a0\u00bb equal_height=\u00a0\u00bbyes\u00a0\u00bb content_placement=\u00a0\u00bbmiddle\u00a0\u00bb css_animation=\u00a0\u00bbnone\u00a0\u00bb enable_ovarlay=\u00a0\u00bbtrue\u00a0\u00bb desctop_lg_pt=\u00a0\u00bbpadding-lg-65t\u00a0\u00bb desctop_lg_pb=\u00a0\u00bbpadding-lg-100b\u00a0\u00bb tablets_pt=\u00a0\u00bbpadding-sm-25t\u00a0\u00bb tablets_pb=\u00a0\u00bbpadding-sm-60b\u00a0\u00bb][vc_column width=\u00a0\u00bb1\/2&Prime; css=\u00a0\u00bb.vc_custom_1605789951016{margin-top: 1px !important;}\u00a0\u00bb][vc_separator][vc_pricing subtitle=\u00a0\u00bbServices\u00a0\u00bb title=\u00a0\u00bbMariage\u00a0\u00bb button=\u00a0\u00bburl:http%3A%2F%2Fmarine.fleygnac.fr%2Findex.php%2Fme-contacter%2F|title:Me%20contacter\u00a0\u00bb] Forfait simplicit\u00e9 \u00e0 900 euros : C\u00e9r\u00e9monies, photos de couple et groupes, plus cocktail. Un folio 3 images (+cl\u00e9 usb). Forfait journ\u00e9e \u00e0 1200 euros : Pr\u00e9paratifs, c\u00e9r\u00e9monies, photos de couple et groupes et cocktail. Bo\u00eete de pr\u00e9sentation &#8230;<\/p>\n","protected":false},"author":3,"featured_media":6591,"parent":0,"menu_order":3,"comment_status":"closed","ping_status":"closed","template":"","meta":{"footnotes":""},"class_list":["post-7237","page","type-page","status-publish","has-post-thumbnail","hentry"],"yoast_head":"<!-- This site is optimized with the Yoast SEO plugin v26.8 - https:\/\/yoast.com\/product\/yoast-seo-wordpress\/ -->\n<title>Tarifs - Marine Fleygnac<\/title>\n<meta name=\"description\" content=\"Tarifs des prestations\" \/>\n<meta name=\"robots\" content=\"index, follow, max-snippet:-1, max-image-preview:large, max-video-preview:-1\" \/>\n<link rel=\"canonical\" href=\"https:\/\/marine.fleygnac.fr\/index.php\/tarifs\/\" \/>\n<meta property=\"og:locale\" content=\"fr_FR\" \/>\n<meta property=\"og:type\" content=\"article\" \/>\n<meta property=\"og:title\" content=\"Tarifs - Marine Fleygnac\" \/>\n<meta property=\"og:description\" content=\"Tarifs des prestations\" \/>\n<meta property=\"og:url\" content=\"https:\/\/marine.fleygnac.fr\/index.php\/tarifs\/\" \/>\n<meta property=\"og:site_name\" content=\"Marine Fleygnac\" \/>\n<meta property=\"article:modified_time\" content=\"2025-10-02T09:52:03+00:00\" \/>\n<meta property=\"og:image\" content=\"https:\/\/marine.fleygnac.fr\/wp-content\/uploads\/2020\/10\/dsc_8529-1-scaled.jpg\" \/>\n\t<meta property=\"og:image:width\" content=\"2560\" \/>\n\t<meta property=\"og:image:height\" content=\"1709\" \/>\n\t<meta property=\"og:image:type\" content=\"image\/jpeg\" \/>\n<meta name=\"twitter:card\" content=\"summary_large_image\" \/>\n<meta name=\"twitter:label1\" content=\"Dur\u00e9e de lecture estim\u00e9e\" \/>\n\t<meta name=\"twitter:data1\" content=\"4 minutes\" \/>\n<script type=\"application\/ld+json\" class=\"yoast-schema-graph\">{\"@context\":\"https:\/\/schema.org\",\"@graph\":[{\"@type\":\"WebPage\",\"@id\":\"https:\/\/marine.fleygnac.fr\/index.php\/tarifs\/\",\"url\":\"https:\/\/marine.fleygnac.fr\/index.php\/tarifs\/\",\"name\":\"Tarifs - Marine Fleygnac\",\"isPartOf\":{\"@id\":\"https:\/\/marine.fleygnac.fr\/#website\"},\"primaryImageOfPage\":{\"@id\":\"https:\/\/marine.fleygnac.fr\/index.php\/tarifs\/#primaryimage\"},\"image\":{\"@id\":\"https:\/\/marine.fleygnac.fr\/index.php\/tarifs\/#primaryimage\"},\"thumbnailUrl\":\"https:\/\/marine.fleygnac.fr\/wp-content\/uploads\/2020\/10\/dsc_8529-1-scaled.jpg\",\"datePublished\":\"2020-11-19T14:45:06+00:00\",\"dateModified\":\"2025-10-02T09:52:03+00:00\",\"description\":\"Tarifs des prestations\",\"breadcrumb\":{\"@id\":\"https:\/\/marine.fleygnac.fr\/index.php\/tarifs\/#breadcrumb\"},\"inLanguage\":\"fr-FR\",\"potentialAction\":[{\"@type\":\"ReadAction\",\"target\":[\"https:\/\/marine.fleygnac.fr\/index.php\/tarifs\/\"]}]},{\"@type\":\"ImageObject\",\"inLanguage\":\"fr-FR\",\"@id\":\"https:\/\/marine.fleygnac.fr\/index.php\/tarifs\/#primaryimage\",\"url\":\"https:\/\/marine.fleygnac.fr\/wp-content\/uploads\/2020\/10\/dsc_8529-1-scaled.jpg\",\"contentUrl\":\"https:\/\/marine.fleygnac.fr\/wp-content\/uploads\/2020\/10\/dsc_8529-1-scaled.jpg\",\"width\":2560,\"height\":1709},{\"@type\":\"BreadcrumbList\",\"@id\":\"https:\/\/marine.fleygnac.fr\/index.php\/tarifs\/#breadcrumb\",\"itemListElement\":[{\"@type\":\"ListItem\",\"position\":1,\"name\":\"Accueil\",\"item\":\"https:\/\/marine.fleygnac.fr\/\"},{\"@type\":\"ListItem\",\"position\":2,\"name\":\"Tarifs\"}]},{\"@type\":\"WebSite\",\"@id\":\"https:\/\/marine.fleygnac.fr\/#website\",\"url\":\"https:\/\/marine.fleygnac.fr\/\",\"name\":\"Marine Fleygnac\",\"description\":\"\",\"publisher\":{\"@id\":\"https:\/\/marine.fleygnac.fr\/#\/schema\/person\/34f501548c28933ea5864348c49ce548\"},\"potentialAction\":[{\"@type\":\"SearchAction\",\"target\":{\"@type\":\"EntryPoint\",\"urlTemplate\":\"https:\/\/marine.fleygnac.fr\/?s={search_term_string}\"},\"query-input\":{\"@type\":\"PropertyValueSpecification\",\"valueRequired\":true,\"valueName\":\"search_term_string\"}}],\"inLanguage\":\"fr-FR\"},{\"@type\":[\"Person\",\"Organization\"],\"@id\":\"https:\/\/marine.fleygnac.fr\/#\/schema\/person\/34f501548c28933ea5864348c49ce548\",\"name\":\"Marine Fleygnac\",\"logo\":{\"@id\":\"https:\/\/marine.fleygnac.fr\/#\/schema\/person\/image\/\"},\"sameAs\":[\"http:\/\/marine.fleygnac.fr\/\"]}]}<\/script>\n<!-- \/ Yoast SEO plugin. -->","yoast_head_json":{"title":"Tarifs - Marine Fleygnac","description":"Tarifs des prestations","robots":{"index":"index","follow":"follow","max-snippet":"max-snippet:-1","max-image-preview":"max-image-preview:large","max-video-preview":"max-video-preview:-1"},"canonical":"https:\/\/marine.fleygnac.fr\/index.php\/tarifs\/","og_locale":"fr_FR","og_type":"article","og_title":"Tarifs - Marine Fleygnac","og_description":"Tarifs des prestations","og_url":"https:\/\/marine.fleygnac.fr\/index.php\/tarifs\/","og_site_name":"Marine Fleygnac","article_modified_time":"2025-10-02T09:52:03+00:00","og_image":[{"width":2560,"height":1709,"url":"https:\/\/marine.fleygnac.fr\/wp-content\/uploads\/2020\/10\/dsc_8529-1-scaled.jpg","type":"image\/jpeg"}],"twitter_card":"summary_large_image","twitter_misc":{"Dur\u00e9e de lecture estim\u00e9e":"4 minutes"},"schema":{"@context":"https:\/\/schema.org","@graph":[{"@type":"WebPage","@id":"https:\/\/marine.fleygnac.fr\/index.php\/tarifs\/","url":"https:\/\/marine.fleygnac.fr\/index.php\/tarifs\/","name":"Tarifs - Marine Fleygnac","isPartOf":{"@id":"https:\/\/marine.fleygnac.fr\/#website"},"primaryImageOfPage":{"@id":"https:\/\/marine.fleygnac.fr\/index.php\/tarifs\/#primaryimage"},"image":{"@id":"https:\/\/marine.fleygnac.fr\/index.php\/tarifs\/#primaryimage"},"thumbnailUrl":"https:\/\/marine.fleygnac.fr\/wp-content\/uploads\/2020\/10\/dsc_8529-1-scaled.jpg","datePublished":"2020-11-19T14:45:06+00:00","dateModified":"2025-10-02T09:52:03+00:00","description":"Tarifs des prestations","breadcrumb":{"@id":"https:\/\/marine.fleygnac.fr\/index.php\/tarifs\/#breadcrumb"},"inLanguage":"fr-FR","potentialAction":[{"@type":"ReadAction","target":["https:\/\/marine.fleygnac.fr\/index.php\/tarifs\/"]}]},{"@type":"ImageObject","inLanguage":"fr-FR","@id":"https:\/\/marine.fleygnac.fr\/index.php\/tarifs\/#primaryimage","url":"https:\/\/marine.fleygnac.fr\/wp-content\/uploads\/2020\/10\/dsc_8529-1-scaled.jpg","contentUrl":"https:\/\/marine.fleygnac.fr\/wp-content\/uploads\/2020\/10\/dsc_8529-1-scaled.jpg","width":2560,"height":1709},{"@type":"BreadcrumbList","@id":"https:\/\/marine.fleygnac.fr\/index.php\/tarifs\/#breadcrumb","itemListElement":[{"@type":"ListItem","position":1,"name":"Accueil","item":"https:\/\/marine.fleygnac.fr\/"},{"@type":"ListItem","position":2,"name":"Tarifs"}]},{"@type":"WebSite","@id":"https:\/\/marine.fleygnac.fr\/#website","url":"https:\/\/marine.fleygnac.fr\/","name":"Marine Fleygnac","description":"","publisher":{"@id":"https:\/\/marine.fleygnac.fr\/#\/schema\/person\/34f501548c28933ea5864348c49ce548"},"potentialAction":[{"@type":"SearchAction","target":{"@type":"EntryPoint","urlTemplate":"https:\/\/marine.fleygnac.fr\/?s={search_term_string}"},"query-input":{"@type":"PropertyValueSpecification","valueRequired":true,"valueName":"search_term_string"}}],"inLanguage":"fr-FR"},{"@type":["Person","Organization"],"@id":"https:\/\/marine.fleygnac.fr\/#\/schema\/person\/34f501548c28933ea5864348c49ce548","name":"Marine Fleygnac","logo":{"@id":"https:\/\/marine.fleygnac.fr\/#\/schema\/person\/image\/"},"sameAs":["http:\/\/marine.fleygnac.fr\/"]}]}},"_links":{"self":[{"href":"https:\/\/marine.fleygnac.fr\/index.php\/wp-json\/wp\/v2\/pages\/7237","targetHints":{"allow":["GET"]}}],"collection":[{"href":"https:\/\/marine.fleygnac.fr\/index.php\/wp-json\/wp\/v2\/pages"}],"about":[{"href":"https:\/\/marine.fleygnac.fr\/index.php\/wp-json\/wp\/v2\/types\/page"}],"author":[{"embeddable":true,"href":"https:\/\/marine.fleygnac.fr\/index.php\/wp-json\/wp\/v2\/users\/3"}],"replies":[{"embeddable":true,"href":"https:\/\/marine.fleygnac.fr\/index.php\/wp-json\/wp\/v2\/comments?post=7237"}],"version-history":[{"count":26,"href":"https:\/\/marine.fleygnac.fr\/index.php\/wp-json\/wp\/v2\/pages\/7237\/revisions"}],"predecessor-version":[{"id":8635,"href":"https:\/\/marine.fleygnac.fr\/index.php\/wp-json\/wp\/v2\/pages\/7237\/revisions\/8635"}],"wp:featuredmedia":[{"embeddable":true,"href":"https:\/\/marine.fleygnac.fr\/index.php\/wp-json\/wp\/v2\/media\/6591"}],"wp:attachment":[{"href":"https:\/\/marine.fleygnac.fr\/index.php\/wp-json\/wp\/v2\/media?parent=7237"}],"curies":[{"name":"wp","href":"https:\/\/api.w.org\/{rel}","templated":true}]}}